{"id":612,"date":"2025-09-18T10:34:19","date_gmt":"2025-09-18T14:34:19","guid":{"rendered":"https:\/\/queerstudentrights.ca\/?page_id=612"},"modified":"2025-10-02T14:36:59","modified_gmt":"2025-10-02T18:36:59","slug":"do-provinces-and-territories-have-policies-that-support-queer-students-privacy","status":"publish","type":"page","link":"https:\/\/queerstudentrights.ca\/fr\/your-rights\/the-right-to-privacy-from-parents-peers-and-teachers\/do-provinces-and-territories-have-policies-that-support-queer-students-privacy\/","title":{"rendered":"Les provinces et les territoires disposent-ils de politiques en faveur de la protection de la vie priv\u00e9e des \u00e9tudiants homosexuels ?"},"content":{"rendered":"<div id=\"fws_69f33d27bf3df\"  data-column-margin=\"default\" data-midnight=\"dark\"  class=\"wpb_row vc_row-fluid vc_row\"  style=\"padding-top: 0px; padding-bottom: 0px; \"><div class=\"row-bg-wrap\" data-bg-animation=\"none\" data-bg-animation-delay=\"\" data-bg-overlay=\"false\"><div class=\"inner-wrap row-bg-layer\" ><div class=\"row-bg viewport-desktop\"  style=\"\"><\/div><\/div><\/div><div class=\"row_col_wrap_12 col span_12 dark left\">\n\t<div  class=\"vc_col-sm-12 wpb_column column_container vc_column_container col no-extra-padding inherit_tablet inherit_phone\"  data-padding-pos=\"all\" data-has-bg-color=\"false\" data-bg-color=\"\" data-bg-opacity=\"1\" data-animation=\"\" data-delay=\"0\" >\n\t\t<div class=\"vc_column-inner\" >\n\t\t\t<div class=\"wpb_wrapper\">\n\t\t\t\t\n\t\t<div id=\"fws_69f33d27bfe3a\"  data-column-margin=\"default\" data-midnight=\"dark\" data-top-percent=\"6%\" data-bottom-percent=\"6%\"  class=\"wpb_row vc_row-fluid vc_row full-width-section\"  style=\"padding-top: calc(100vw * 0.06); padding-bottom: calc(100vw * 0.06); \"><div class=\"row-bg-wrap\" data-bg-animation=\"none\" data-bg-animation-delay=\"\" data-bg-overlay=\"true\"><div class=\"inner-wrap row-bg-layer using-image\" ><div class=\"row-bg viewport-desktop using-image using-bg-color\"  style=\"background-image: url(https:\/\/queerstudentrights.ca\/wp-content\/uploads\/2025\/09\/rear-view-of-audience-in-the-conference-hall-or-se-VDAFUEY.jpg); background-position: center center; background-repeat: no-repeat; background-color: #49479d; \"><\/div><\/div><div class=\"row-bg-overlay row-bg-layer\" style=\"background-color:#49479d;  opacity: 0.8; \"><\/div><\/div><div class=\"nectar-shape-divider-wrap\" style=\" height:80px;\"  data-height=\"80\" data-front=\"true\" data-style=\"mountains\" data-position=\"bottom\" ><svg class=\"nectar-shape-divider\" fill=\"#ffffff\" xmlns=\"http:\/\/www.w3.org\/2000\/svg\" viewbox=\"0 0 1000 300\" preserveaspectratio=\"none\">\n          <path d=\"M 1014 264 v 122 h -808 l -172 -86 s 310.42 -22.84 402 -79 c 106 -65 154 -61 268 -12 c 107 46 195.11 5.94 275 137 z\"><\/path>   <path d=\"M -302 55 s 235.27 208.25 352 159 c 128 -54 233 -98 303 -73 c 92.68 33.1 181.28 115.19 235 108 c 104.9 -14 176.52 -173.06 267 -118 c 85.61 52.09 145 123 145 123 v 74 l -1306 10 z\"><\/path>\n          <path d=\"M -286 255 s 214 -103 338 -129 s 203 29 384 101 c 145.57 57.91 178.7 50.79 272 0 c 79 -43 301 -224 385 -63 c 53 101.63 -62 129 -62 129 l -107 84 l -1212 12 z\"><\/path>\n          <path d=\"M -24 69 s 299.68 301.66 413 245 c 8 -4 233 2 284 42 c 17.47 13.7 172 -132 217 -174 c 54.8 -51.15 128 -90 188 -39 c 76.12 64.7 118 99 118 99 l -12 132 l -1212 12 z\"><\/path>\n          <path d=\"M -12 201 s 70 83 194 57 s 160.29 -36.77 274 6 c 109 41 184.82 24.36 265 -15 c 55 -27 116.5 -57.69 214 4 c 49 31 95 26 95 26 l -6 151 l -1036 10 z\"><\/path> <\/svg><\/div><div class=\"row_col_wrap_12 col span_12 dark left\">\n\t<div  class=\"vc_col-sm-12 wpb_column column_container vc_column_container col no-extra-padding inherit_tablet inherit_phone\"  data-padding-pos=\"all\" data-has-bg-color=\"false\" data-bg-color=\"\" data-bg-opacity=\"1\" data-animation=\"\" data-delay=\"0\" >\n\t\t<div class=\"vc_column-inner\" >\n\t\t\t<div class=\"wpb_wrapper\">\n\t\t\t\t<div class=\"nectar-highlighted-text font_size_11vh\" data-style=\"text_outline\" data-outline-thickness=\"regular\" data-user-color=\"true\" style=\"color: #ffffff;\" data-using-custom-color=\"false\" data-animation-delay=\"false\" data-color=\"\" data-color-gradient=\"\"><h1 style=\"line-height: .9em\"><em>Le droit \u00e0 la vie priv\u00e9e <\/em><\/h1>\n<\/div><h2 style=\"font-size: 38px;color: #ffffff;line-height: 1;text-align: left\" class=\"vc_custom_heading vc_do_custom_heading\" >(De la part des parents, des pairs et des enseignants)<\/h2>\n\t\t\t<\/div> \n\t\t<\/div>\n\t<\/div> \n<\/div><\/div>\n\t\t<div id=\"fws_69f33d27c0761\"  data-column-margin=\"default\" data-midnight=\"dark\"  class=\"wpb_row vc_row-fluid vc_row\"  style=\"padding-top: 0px; padding-bottom: 0px; \"><div class=\"row-bg-wrap\" data-bg-animation=\"none\" data-bg-animation-delay=\"\" data-bg-overlay=\"false\"><div class=\"inner-wrap row-bg-layer\" ><div class=\"row-bg viewport-desktop\"  style=\"\"><\/div><\/div><\/div><div class=\"row_col_wrap_12 col span_12 dark left\">\n\t<div  class=\"vc_col-sm-12 wpb_column column_container vc_column_container col padding-2-percent inherit_tablet inherit_phone\"  data-padding-pos=\"top-bottom\" data-has-bg-color=\"false\" data-bg-color=\"\" data-bg-opacity=\"1\" data-animation=\"\" data-delay=\"0\" >\n\t\t<div class=\"vc_column-inner\" >\n\t\t\t<div class=\"wpb_wrapper\">\n\t\t\t\t\n\t<div class=\"wpb_raw_code wpb_raw_html wpb_content_element\" >\n\t\t<div class=\"wpb_wrapper\">\n\t\t\t<span><span><a href=\"https:\/\/queerstudentrights.ca\/fr\/\">Accueil<\/a><\/span><\/span>\n\t\t<\/div>\n\t<\/div>\n\n\t\t\t<\/div> \n\t\t<\/div>\n\t<\/div> \n<\/div><\/div>\n<style type=\"text\/css\" data-type=\"vc_shortcodes-default-css\">.vc_do_custom_heading{margin-bottom:0.625rem;margin-top:0;}<\/style>\n\t\t\t<\/div> \n\t\t<\/div>\n\t<\/div> \n<\/div><\/div>\n\t\t<div id=\"fws_69f33d27c1f2c\"  data-column-margin=\"default\" data-midnight=\"dark\" data-bottom-percent=\"2%\"  class=\"wpb_row vc_row-fluid vc_row full-width-section  top_padding_phone_4pct bottom_padding_phone_4pct\"  style=\"padding-top: 0px; padding-bottom: calc(100vw * 0.02); \"><div class=\"row-bg-wrap\" data-bg-animation=\"none\" data-bg-animation-delay=\"\" data-bg-overlay=\"false\"><div class=\"inner-wrap row-bg-layer\" ><div class=\"row-bg viewport-desktop\"  style=\"\"><\/div><\/div><\/div><div class=\"row_col_wrap_12 col span_12 dark left\">\n\t<div  class=\"vc_col-sm-12 wpb_column column_container vc_column_container col no-extra-padding inherit_tablet inherit_phone\"  data-padding-pos=\"all\" data-has-bg-color=\"false\" data-bg-color=\"\" data-bg-opacity=\"1\" data-animation=\"\" data-delay=\"0\" >\n\t\t<div class=\"vc_column-inner\" >\n\t\t\t<div class=\"wpb_wrapper\">\n\t\t\t\t<h2 style=\"color: #49479d;text-align: left\" class=\"vc_custom_heading vc_do_custom_heading\" >Les provinces et les territoires disposent-ils de politiques en faveur de la protection de la vie priv\u00e9e des \u00e9tudiants homosexuels ?<\/h2>\n<div class=\"wpb_text_column wpb_content_element\" >\n\t<div class=\"wpb_wrapper\">\n\t\t<p>En plus de la <em>Charte, <\/em>Au Canada, les provinces et les territoires ont adopt\u00e9 des lois sur la protection des donn\u00e9es personnelles. Ces r\u00e8gles s'appliquent \u00e9galement aux \u00e9coles. La plupart du temps, vos informations personnelles ne peuvent \u00eatre collect\u00e9es, utilis\u00e9es ou partag\u00e9es :<\/p>\n\t<\/div>\n<\/div>\n\n\n\n<div id=\"fws_69f33d27c2610\" data-midnight=\"\" data-column-margin=\"10px\" class=\"wpb_row vc_row-fluid vc_row inner_row vc_row-o-equal-height vc_row-flex vc_row-o-content-middle\"  style=\"\"><div class=\"row-bg-wrap\"> <div class=\"row-bg\" ><\/div> <\/div><div class=\"row_col_wrap_12_inner col span_12  left\">\n\t<div  class=\"vc_col-sm-5 wpb_column column_container vc_column_container col child_column centered-text padding-2-percent inherit_tablet inherit_phone\"   data-border-animation=\"true\" data-border-animation-delay=\"\" data-border-width=\"1px\" data-border-style=\"solid\" data-border-color=\"#020000\" data-padding-pos=\"all\" data-has-bg-color=\"false\" data-bg-color=\"\" data-bg-opacity=\"1\" data-animation=\"\" data-delay=\"0\" >\n\t\t<div class=\"vc_column-inner\" style=\"border: 1px solid rgba(255,255,255,0); \"><span class=\"border-wrap\" style=\"border-color: #020000;\"><span class=\"border-top\"><\/span><span class=\"border-right\"><\/span><span class=\"border-bottom\"><\/span><span class=\"border-left\"><\/span><\/span>\n\t\t<div class=\"wpb_wrapper\">\n\t\t\t<div class=\"nectar-highlighted-text\" data-style=\"full_text\" data-exp=\"default\" data-user-color=\"true\" style=\"color: #49479d;\" data-using-custom-color=\"false\" data-animation-delay=\"false\" data-color=\"\" data-color-gradient=\"\"><h4>Si vous donnez votre consentement<\/h4>\n<\/div>\n\t\t<\/div> \n\t<\/div>\n\t<\/div> \n\n\t<div  class=\"vc_col-sm-2 wpb_column column_container vc_column_container col child_column centered-text no-extra-padding inherit_tablet inherit_phone\"   data-padding-pos=\"all\" data-has-bg-color=\"false\" data-bg-color=\"\" data-bg-opacity=\"1\" data-animation=\"\" data-delay=\"0\" >\n\t\t<div class=\"vc_column-inner\" >\n\t\t<div class=\"wpb_wrapper\">\n\t\t\t<p style=\"font-size: 25px;color: #49479d;text-align: center\" class=\"vc_custom_heading vc_do_custom_heading\" >OU<\/p>\n\t\t<\/div> \n\t<\/div>\n\t<\/div> \n\n\t<div  class=\"vc_col-sm-5 wpb_column column_container vc_column_container col child_column centered-text padding-2-percent inherit_tablet inherit_phone\"   data-border-animation=\"true\" data-border-animation-delay=\"\" data-border-width=\"1px\" data-border-style=\"solid\" data-border-color=\"#020000\" data-padding-pos=\"all\" data-has-bg-color=\"false\" data-bg-color=\"\" data-bg-opacity=\"1\" data-animation=\"\" data-delay=\"0\" >\n\t\t<div class=\"vc_column-inner\" style=\"border: 1px solid rgba(255,255,255,0); \"><span class=\"border-wrap\" style=\"border-color: #020000;\"><span class=\"border-top\"><\/span><span class=\"border-right\"><\/span><span class=\"border-bottom\"><\/span><span class=\"border-left\"><\/span><\/span>\n\t\t<div class=\"wpb_wrapper\">\n\t\t\t<div class=\"nectar-highlighted-text\" data-style=\"full_text\" data-exp=\"default\" data-user-color=\"true\" style=\"color: #49479d;\" data-using-custom-color=\"false\" data-animation-delay=\"false\" data-color=\"\" data-color-gradient=\"\"><h4>S'il s'agit d'un objectif scolaire clair (comme faire une liste de classe ou mettre votre photo dans l'annuaire).<\/h4>\n<\/div>\n\t\t<\/div> \n\t<\/div>\n\t<\/div> \n<\/div><\/div><div class=\"divider-wrap\" data-alignment=\"default\"><div style=\"height: 15px;\" class=\"divider\"><\/div><\/div>\n<div class=\"wpb_text_column wpb_content_element\" >\n\t<div class=\"wpb_wrapper\">\n\t\t<p>Ces lois peuvent \u00e9galement pr\u00e9voir certaines exceptions, autorisant la communication d'informations personnelles dans des situations d'urgence ou lorsque les \u00e9tudiants risquent de subir un pr\u00e9judice.<\/p>\n<p>En vertu du droit \u00e0 la vie priv\u00e9e des \u00e9l\u00e8ves, notamment en ce qui concerne leur orientation sexuelle et leur identit\u00e9 de genre, les enseignants doivent veiller \u00e0 prot\u00e9ger votre dignit\u00e9 en utilisant le nom et les pronoms que vous avez choisis dans les communications avec les parents, si vous le souhaitez. Toutefois, les enseignants doivent \u00e9galement prot\u00e9ger la vie priv\u00e9e des \u00e9l\u00e8ves en utilisant leur nom l\u00e9gal ou des pronoms diff\u00e9rents dans les communications avec les parents, si c'est ce que vous pr\u00e9f\u00e9rez.<\/p>\n<p>Certaines provinces et certains conseils scolaires ont mis en place des politiques sp\u00e9cifiques pour prot\u00e9ger le droit \u00e0 la vie priv\u00e9e des \u00e9l\u00e8ves homosexuels dans les \u00e9coles. Les d\u00e9tails \u00e9nonc\u00e9s dans les politiques de l'Ontario, du Manitoba et du Qu\u00e9bec sont importants pour prot\u00e9ger les \u00e9l\u00e8ves homosexuels contre la divulgation de leurs informations personnelles contre leur gr\u00e9, que ce soit \u00e0 leurs parents, au personnel de l'\u00e9cole ou \u00e0 d'autres \u00e9l\u00e8ves.<\/p>\n\t<\/div>\n<\/div>\n\n\n\n<div id=\"fws_69f33d27c33cb\" data-midnight=\"\" data-column-margin=\"40px\" class=\"wpb_row vc_row-fluid vc_row inner_row vc_row-o-equal-height vc_row-flex vc_row-o-content-middle\"  style=\"\"><div class=\"row-bg-wrap\"> <div class=\"row-bg\" ><\/div> <\/div><div class=\"row_col_wrap_12_inner col span_12  left\">\n\t<div  class=\"vc_col-sm-6 wpb_column column_container vc_column_container col child_column padding-2-percent inherit_tablet inherit_phone\"   data-padding-pos=\"all\" data-has-bg-color=\"false\" data-bg-color=\"\" data-bg-opacity=\"1\" data-animation=\"\" data-delay=\"0\" >\n\t\t<div class=\"vc_column-inner\" >\n\t\t<div class=\"wpb_wrapper\">\n\t\t\t\n<div class=\"wpb_text_column wpb_content_element\" >\n\t<div class=\"wpb_wrapper\">\n\t\t<ul>\n<li><strong>Ontario<\/strong>La Commission des droits de l'homme de l'UE <a href=\"https:\/\/www.ohrc.on.ca\/en\/policy-preventing-discrimination-because-gender-identity-and-gender-expression\/7-forms\"><em>Politique de pr\u00e9vention de la discrimination fond\u00e9e sur l'identit\u00e9 et l'expression de genre<\/em><\/a> indique que \"les \u00e9tablissements d'enseignement devraient \u00e9laborer des politiques et des proc\u00e9dures reconnaissant, entre autres, que [...] les \u00e9tudiants ont droit au respect de leur vie priv\u00e9e et que les \u00e9coles doivent pr\u00e9server la confidentialit\u00e9 de l'\u00e9tat de transgenre d'un \u00e9tudiant. Ce statut ne doit pas \u00eatre communiqu\u00e9 \u00e0 d'autres personnes, \u00e0 moins qu'elles n'aient besoin de le savoir pour r\u00e9pondre \u00e0 un besoin d'adaptation sp\u00e9cifique, ou que l'\u00e9tudiant le demande. La politique stipule \u00e9galement que la vie priv\u00e9e et la confidentialit\u00e9 de toute information li\u00e9e \u00e0 l'identit\u00e9 de genre d'une personne transgenre doivent \u00eatre maximis\u00e9es, ou dans la mesure o\u00f9 la personne transgenre le souhaite.<\/li>\n<li><strong>Manitoba<\/strong>La politique de l'UE en mati\u00e8re de <a href=\"https:\/\/www.edu.gov.mb.ca\/k12\/docs\/support\/transgender\/full_doc.pdf\"><em>Soutien aux \u00e9l\u00e8ves transgenres et de sexe diff\u00e9rent dans les \u00e9coles du Manitoba<\/em><\/a> inclut l'exigence selon laquelle \"le personnel scolaire ne doit pas divulguer l'orientation sexuelle, l'identit\u00e9 de genre ou l'expression de genre, r\u00e9elle ou per\u00e7ue, d'un \u00e9l\u00e8ve \u00e0 d'autres personnes, y compris \u00e0 d'autres \u00e9l\u00e8ves, aux parents\/tuteurs ou \u00e0 d'autres membres du personnel scolaire, \u00e0 moins d'y \u00eatre oblig\u00e9 ou que l'\u00e9l\u00e8ve ait donn\u00e9 son consentement\". Il existe \u00e9galement un protocole pour contacter le domicile d'un \u00e9l\u00e8ve transgenre ou d'un \u00e9l\u00e8ve ayant une identit\u00e9 de genre diff\u00e9rente. Il exige que le personnel de l'\u00e9cole d\u00e9termine d'abord avec l'\u00e9l\u00e8ve une mani\u00e8re appropri\u00e9e de mentionner son identit\u00e9 de genre, son expression de genre, son (ses) nom(s) et son (ses) pronom(s).<\/li>\n<li><strong>Qu\u00e9bec<\/strong>La politique de l'UE en mati\u00e8re de <a href=\"https:\/\/fqde.qc.ca\/wp-content\/uploads\/2018\/02\/1718-020_BrochJeunesTrans-ANG_web.pdf\"><em>Mesures de l'ouverture et du soutien aux \u00e9tudiants trans et non binaires<\/em><\/a> reconna\u00eet que les \u00e9l\u00e8ves transgenres peuvent vouloir garder leur identit\u00e9 de genre ou le sexe qui leur a \u00e9t\u00e9 assign\u00e9 \u00e0 la naissance priv\u00e9s. La politique stipule que \"l'administration et le personnel de l'\u00e9cole ne doivent divulguer aucune information susceptible de r\u00e9v\u00e9ler l'identit\u00e9 de genre de l'\u00e9l\u00e8ve trans \u00e0 une autre personne, y compris \u00e0 ses parents (si l'\u00e9l\u00e8ve a plus de 14 ans) et \u00e0 d'autres membres du personnel \u00e9ducatif, sans son autorisation expresse\". Seule la personne trans ou non binaire, et ses parents si elle a moins de 14 ans, peut d\u00e9cider quelles informations elle souhaite divulguer et \u00e0 qui, m\u00eame si elle assume publiquement son identit\u00e9 \u00e0 l'\u00e9cole, au centre, au CEGEP ou \u00e0 l'universit\u00e9.\"<\/li>\n<\/ul>\n\t<\/div>\n<\/div>\n\n\n\n\n\t\t<\/div> \n\t<\/div>\n\t<\/div> \n\n\t<div style=\"\" class=\"vc_col-sm-6 stats wpb_column column_container vc_column_container col child_column padding-4-percent inherit_tablet inherit_phone\"  data-using-bg=\"true\" data-padding-pos=\"all\" data-has-bg-color=\"true\" data-bg-color=\"#666666\" data-bg-opacity=\"0.2\" data-animation=\"\" data-delay=\"0\" >\n\t\t<div class=\"vc_column-inner\" ><div class=\"column-bg-overlay-wrap column-bg-layer\" data-bg-animation=\"none\"><div class=\"column-bg-overlay\" style=\"opacity: 0.2; background-color: #666666;\"><\/div><\/div>\n\t\t<div class=\"wpb_wrapper\">\n\t\t\t<div class=\"nectar-highlighted-text font_size_3em\" data-style=\"text_outline\" data-outline-thickness=\"thick\" data-user-color=\"true\" style=\"color: #020000;\" data-using-custom-color=\"false\" data-animation-delay=\"false\" data-color=\"\" data-color-gradient=\"\"><h3 class=\"vc_custom_heading vc_do_custom_heading\"><em>Les mouvements contre les droits :<\/em><\/h3>\n<\/div><h4 style=\"color: #020000;text-align: left\" class=\"vc_custom_heading vc_do_custom_heading\" >Saskatchewan et Alberta<\/h4>\n<div class=\"wpb_text_column wpb_content_element\" >\n\t<div class=\"wpb_wrapper\">\n\t\t<p>Pour les \u00e9l\u00e8ves vivant en Alberta et en Saskatchewan, si vous demandez \u00e0 \u00eatre appel\u00e9 par un nouveau nom choisi ou par de nouveaux pronoms \u00e0 l'\u00e9cole, votre divulgation peut ne pas \u00eatre trait\u00e9e comme priv\u00e9e.<\/p>\n<p>Les changements r\u00e9cents dans <strong>Saskatchewan<\/strong> ont port\u00e9 atteinte au droit \u00e0 la vie priv\u00e9e des \u00e9tudiants homosexuels. <a href=\"https:\/\/www.canlii.org\/en\/sk\/laws\/astat\/ss-2023-c-46\/latest\/ss-2023-c-46.html\" target=\"_blank\" rel=\"noopener\">Depuis 2023<\/a>Les \u00e9l\u00e8ves de moins de 16 ans ont besoin d'une autorisation parentale pour utiliser le nom ou les pronoms qu'ils ont choisis \u00e0 l'\u00e9cole.  Cela signifie que les enseignants et le personnel peuvent \u00eatre tenus d'informer les parents ou les tuteurs si l'\u00e9l\u00e8ve demande \u00e0 \u00eatre reconnu par son identit\u00e9 de genre \u00e0 l'\u00e9cole. La loi est en cours d'adoption. <a href=\"https:\/\/egale.ca\/awareness\/ur-pride-government-of-saskatchewan\/\" target=\"_blank\" rel=\"noopener\">contest\u00e9 devant un tribunal<\/a>.<\/p>\n<p>\u00c0 partir de septembre 2025, en <strong>Alberta,<\/strong> les \u00e9l\u00e8ves de moins de 16 ans devront obtenir le consentement de leurs parents pour choisir leur nom ou leurs pronoms, et les parents des jeunes de 16 et 17 ans seront inform\u00e9s. Si le fait d'en parler \u00e0 ses parents risque de leur porter pr\u00e9judice, l'\u00e9cole est cens\u00e9e les mettre d'abord en contact avec des services de conseil. <a href=\"https:\/\/queerstudentrights.ca\/fr\/your-rights\/the-right-to-equality-freedom-from-discrimination\/fostering-inclusive-schools\/is-my-school-required-to-provide-inclusive-school-curriculum\/#sk-ab\">Comme indiqu\u00e9 pr\u00e9c\u00e9demment dans ce guide<\/a>Ces amendements visent \u00e9galement les ressources d'apprentissage et d'enseignement li\u00e9es \u00e0 l'identit\u00e9 de genre, \u00e0 l'orientation sexuelle ou \u00e0 la sexualit\u00e9 humaine, et ont une incidence sur l'acc\u00e8s \u00e0 l'\u00e9ducation sexuelle en Alberta.<\/p>\n<p>Ces politiques ont un impact majeur sur la vie priv\u00e9e et la s\u00e9curit\u00e9 des \u00e9tudiants homosexuels et transgenres.<\/p>\n\t<\/div>\n<\/div>\n\n\n\n\n\t\t<\/div> \n\t<\/div>\n\t<\/div> \n<\/div><\/div><div id=\"fws_69f33d27c3f23\" data-midnight=\"\" data-column-margin=\"default\" class=\"wpb_row vc_row-fluid vc_row inner_row\"  style=\"\"><div class=\"row-bg-wrap\"> <div class=\"row-bg\" ><\/div> <\/div><div class=\"row_col_wrap_12_inner col span_12  left\">\n\t<div style=\"\" class=\"vc_col-sm-12 stats wpb_column column_container vc_column_container col child_column padding-4-percent inherit_tablet inherit_phone\"  data-using-bg=\"true\" data-padding-pos=\"all\" data-has-bg-color=\"true\" data-bg-color=\"#8a8ace\" data-bg-opacity=\"0.2\" data-animation=\"\" data-delay=\"0\" >\n\t\t<div class=\"vc_column-inner\" ><div class=\"column-bg-overlay-wrap column-bg-layer\" data-bg-animation=\"none\"><div class=\"column-bg-overlay\" style=\"opacity: 0.2; background-color: #8a8ace;\"><\/div><\/div>\n\t\t<div class=\"wpb_wrapper\">\n\t\t\t<div class=\"nectar-highlighted-text font_size_3em\" data-style=\"text_outline\" data-outline-thickness=\"thick\" data-user-color=\"true\" style=\"color: #49479d;\" data-using-custom-color=\"false\" data-animation-delay=\"false\" data-color=\"\" data-color-gradient=\"\"><h3 class=\"vc_custom_heading vc_do_custom_heading\"><em>Le plaidoyer en action :<\/em><\/h3>\n<\/div><h4 style=\"color: #49479d;text-align: left\" class=\"vc_custom_heading vc_do_custom_heading\" >Un \u00e9tudiant transgenre obtient gain de cause en mati\u00e8re de protection de la vie priv\u00e9e<\/h4>\n<div class=\"wpb_text_column wpb_content_element\" >\n\t<div class=\"wpb_wrapper\">\n\t\t<p>En 2016, un <a href=\"https:\/\/oipc.ab.ca\/wp-content\/uploads\/2022\/01\/Order-F2016-26.pdf\" target=\"_blank\" rel=\"noopener\">L'adjudicateur a statu\u00e9<\/a> L'arbitre a d\u00e9clar\u00e9 qu'une \u00e9cole d'Edmonton avait port\u00e9 atteinte \u00e0 la vie priv\u00e9e d'une \u00e9l\u00e8ve transgenre lorsque les enseignants ont r\u00e9v\u00e9l\u00e9 \u00e0 plusieurs reprises son nom de naissance et son sexe \u00e0 la classe. L'arbitre a d\u00e9clar\u00e9 que l'\u00e9cole n'avait pas prot\u00e9g\u00e9 les renseignements personnels de l'\u00e9l\u00e8ve parce qu'elle n'avait pas pris de mesures de s\u00e9curit\u00e9 raisonnables pour emp\u00eacher la divulgation de son nom de naissance et de son sexe. Il a \u00e9t\u00e9 ordonn\u00e9 \u00e0 l'\u00e9cole de mettre en place un meilleur syst\u00e8me pour emp\u00eacher la divulgation non autoris\u00e9e.<\/p>\n\t<\/div>\n<\/div>\n\n\n\n\n\t\t<\/div> \n\t<\/div>\n\t<\/div> \n<\/div><\/div>\n<div class=\"wpb_text_column wpb_content_element\" >\n\t<div class=\"wpb_wrapper\">\n\t\t<p><em>Si vous pensez que votre droit \u00e0 la vie priv\u00e9e a \u00e9t\u00e9 viol\u00e9 et que vous vous interrogez sur la marche \u00e0 suivre, veuillez consulter la section intitul\u00e9e \"<a href=\"https:\/\/queerstudentrights.ca\/fr\/what-to-do-if-you-think-your-rights-have-been-violated\/\" target=\"_blank\" rel=\"noopener\">Que faire si vous pensez que vos droits ont \u00e9t\u00e9 viol\u00e9s ?<\/a><\/em><em>\"ainsi que la liste des <a href=\"https:\/\/queerstudentrights.ca\/fr\/resources\/\" target=\"_blank\" rel=\"noopener\">Ressources<\/a> \u00e0 la fin de ce guide.<\/em><\/p>\n\t<\/div>\n<\/div>\n\n\n\n\n\t\t\t<\/div> \n\t\t<\/div>\n\t<\/div> \n<\/div><\/div>","protected":false},"excerpt":{"rendered":"The Right to Privacy (From Parents, Peers, and Teachers) Home Do provinces and territories have policies that support queer students\u2019 privacy? In addition to the Charter, across Canada, provinces and...","protected":false},"author":3454,"featured_media":0,"parent":604,"menu_order":0,"comment_status":"closed","ping_status":"closed","template":"","meta":{"footnotes":""},"wf_page_folders":[28],"class_list":["post-612","page","type-page","status-publish"],"yoast_head":"<!-- This site is optimized with the Yoast SEO plugin v26.1.1 - https:\/\/yoast.com\/wordpress\/plugins\/seo\/ -->\n<title>Do provinces and territories have policies that support queer students\u2019 privacy? - Know Your Rights<\/title>\n<meta name=\"robots\" content=\"index, follow, max-snippet:-1, max-image-preview:large, max-video-preview:-1\" \/>\n<link rel=\"canonical\" href=\"https:\/\/queerstudentrights.ca\/fr\/your-rights\/the-right-to-privacy-from-parents-peers-and-teachers\/do-provinces-and-territories-have-policies-that-support-queer-students-privacy\/\" \/>\n<meta property=\"og:locale\" content=\"fr_CA\" \/>\n<meta property=\"og:type\" content=\"article\" \/>\n<meta property=\"og:title\" content=\"Do provinces and territories have policies that support queer students\u2019 privacy? - Know Your Rights\" \/>\n<meta property=\"og:url\" content=\"https:\/\/queerstudentrights.ca\/fr\/your-rights\/the-right-to-privacy-from-parents-peers-and-teachers\/do-provinces-and-territories-have-policies-that-support-queer-students-privacy\/\" \/>\n<meta property=\"og:site_name\" content=\"Know Your Rights\" \/>\n<meta property=\"article:modified_time\" content=\"2025-10-02T18:36:59+00:00\" \/>\n<meta name=\"twitter:card\" content=\"summary_large_image\" \/>\n<meta name=\"twitter:label1\" content=\"Estimation du temps de lecture\" \/>\n\t<meta name=\"twitter:data1\" content=\"4 minutes\" \/>\n<script type=\"application\/ld+json\" class=\"yoast-schema-graph\">{\"@context\":\"https:\/\/schema.org\",\"@graph\":[{\"@type\":\"WebPage\",\"@id\":\"https:\/\/queerstudentrights.ca\/your-rights\/the-right-to-privacy-from-parents-peers-and-teachers\/do-provinces-and-territories-have-policies-that-support-queer-students-privacy\/\",\"url\":\"https:\/\/queerstudentrights.ca\/your-rights\/the-right-to-privacy-from-parents-peers-and-teachers\/do-provinces-and-territories-have-policies-that-support-queer-students-privacy\/\",\"name\":\"Do provinces and territories have policies that support queer students\u2019 privacy? - Know Your Rights\",\"isPartOf\":{\"@id\":\"https:\/\/queerstudentrights.ca\/#website\"},\"datePublished\":\"2025-09-18T14:34:19+00:00\",\"dateModified\":\"2025-10-02T18:36:59+00:00\",\"breadcrumb\":{\"@id\":\"https:\/\/queerstudentrights.ca\/your-rights\/the-right-to-privacy-from-parents-peers-and-teachers\/do-provinces-and-territories-have-policies-that-support-queer-students-privacy\/#breadcrumb\"},\"inLanguage\":\"fr-CA\",\"potentialAction\":[{\"@type\":\"ReadAction\",\"target\":[\"https:\/\/queerstudentrights.ca\/your-rights\/the-right-to-privacy-from-parents-peers-and-teachers\/do-provinces-and-territories-have-policies-that-support-queer-students-privacy\/\"]}]},{\"@type\":\"BreadcrumbList\",\"@id\":\"https:\/\/queerstudentrights.ca\/your-rights\/the-right-to-privacy-from-parents-peers-and-teachers\/do-provinces-and-territories-have-policies-that-support-queer-students-privacy\/#breadcrumb\",\"itemListElement\":[{\"@type\":\"ListItem\",\"position\":1,\"name\":\"Home\",\"item\":\"https:\/\/queerstudentrights.ca\/\"},{\"@type\":\"ListItem\",\"position\":2,\"name\":\"Student Rights\",\"item\":\"https:\/\/queerstudentrights.ca\/your-rights\/\"},{\"@type\":\"ListItem\",\"position\":3,\"name\":\"The Right to Privacy (From Parents, Peers, and Teachers)\",\"item\":\"https:\/\/queerstudentrights.ca\/your-rights\/the-right-to-privacy-from-parents-peers-and-teachers\/\"},{\"@type\":\"ListItem\",\"position\":4,\"name\":\"Do provinces and territories have policies that support queer students\u2019 privacy?\"}]},{\"@type\":\"WebSite\",\"@id\":\"https:\/\/queerstudentrights.ca\/#website\",\"url\":\"https:\/\/queerstudentrights.ca\/\",\"name\":\"Know Your Rights: A Guide for Queer Students\",\"description\":\"A Guide for Queer Students in Schools\",\"publisher\":{\"@id\":\"https:\/\/queerstudentrights.ca\/#organization\"},\"potentialAction\":[{\"@type\":\"SearchAction\",\"target\":{\"@type\":\"EntryPoint\",\"urlTemplate\":\"https:\/\/queerstudentrights.ca\/?s={search_term_string}\"},\"query-input\":{\"@type\":\"PropertyValueSpecification\",\"valueRequired\":true,\"valueName\":\"search_term_string\"}}],\"inLanguage\":\"fr-CA\"},{\"@type\":\"Organization\",\"@id\":\"https:\/\/queerstudentrights.ca\/#organization\",\"name\":\"Canadian Civil Liberties Association\",\"url\":\"https:\/\/queerstudentrights.ca\/\",\"logo\":{\"@type\":\"ImageObject\",\"inLanguage\":\"fr-CA\",\"@id\":\"https:\/\/queerstudentrights.ca\/#\/schema\/logo\/image\/\",\"url\":\"https:\/\/queerstudentrights.ca\/wp-content\/uploads\/2025\/09\/cropped-CCLA-gravatar.png\",\"contentUrl\":\"https:\/\/queerstudentrights.ca\/wp-content\/uploads\/2025\/09\/cropped-CCLA-gravatar.png\",\"width\":512,\"height\":512,\"caption\":\"Canadian Civil Liberties Association\"},\"image\":{\"@id\":\"https:\/\/queerstudentrights.ca\/#\/schema\/logo\/image\/\"}}]}<\/script>\n<!-- \/ Yoast SEO plugin. -->","yoast_head_json":{"title":"Do provinces and territories have policies that support queer students\u2019 privacy? - Know Your Rights","robots":{"index":"index","follow":"follow","max-snippet":"max-snippet:-1","max-image-preview":"max-image-preview:large","max-video-preview":"max-video-preview:-1"},"canonical":"https:\/\/queerstudentrights.ca\/fr\/your-rights\/the-right-to-privacy-from-parents-peers-and-teachers\/do-provinces-and-territories-have-policies-that-support-queer-students-privacy\/","og_locale":"fr_CA","og_type":"article","og_title":"Do provinces and territories have policies that support queer students\u2019 privacy? - Know Your Rights","og_url":"https:\/\/queerstudentrights.ca\/fr\/your-rights\/the-right-to-privacy-from-parents-peers-and-teachers\/do-provinces-and-territories-have-policies-that-support-queer-students-privacy\/","og_site_name":"Know Your Rights","article_modified_time":"2025-10-02T18:36:59+00:00","twitter_card":"summary_large_image","twitter_misc":{"Estimation du temps de lecture":"4 minutes"},"schema":{"@context":"https:\/\/schema.org","@graph":[{"@type":"WebPage","@id":"https:\/\/queerstudentrights.ca\/your-rights\/the-right-to-privacy-from-parents-peers-and-teachers\/do-provinces-and-territories-have-policies-that-support-queer-students-privacy\/","url":"https:\/\/queerstudentrights.ca\/your-rights\/the-right-to-privacy-from-parents-peers-and-teachers\/do-provinces-and-territories-have-policies-that-support-queer-students-privacy\/","name":"Do provinces and territories have policies that support queer students\u2019 privacy? - Know Your Rights","isPartOf":{"@id":"https:\/\/queerstudentrights.ca\/#website"},"datePublished":"2025-09-18T14:34:19+00:00","dateModified":"2025-10-02T18:36:59+00:00","breadcrumb":{"@id":"https:\/\/queerstudentrights.ca\/your-rights\/the-right-to-privacy-from-parents-peers-and-teachers\/do-provinces-and-territories-have-policies-that-support-queer-students-privacy\/#breadcrumb"},"inLanguage":"fr-CA","potentialAction":[{"@type":"ReadAction","target":["https:\/\/queerstudentrights.ca\/your-rights\/the-right-to-privacy-from-parents-peers-and-teachers\/do-provinces-and-territories-have-policies-that-support-queer-students-privacy\/"]}]},{"@type":"BreadcrumbList","@id":"https:\/\/queerstudentrights.ca\/your-rights\/the-right-to-privacy-from-parents-peers-and-teachers\/do-provinces-and-territories-have-policies-that-support-queer-students-privacy\/#breadcrumb","itemListElement":[{"@type":"ListItem","position":1,"name":"Home","item":"https:\/\/queerstudentrights.ca\/"},{"@type":"ListItem","position":2,"name":"Student Rights","item":"https:\/\/queerstudentrights.ca\/your-rights\/"},{"@type":"ListItem","position":3,"name":"The Right to Privacy (From Parents, Peers, and Teachers)","item":"https:\/\/queerstudentrights.ca\/your-rights\/the-right-to-privacy-from-parents-peers-and-teachers\/"},{"@type":"ListItem","position":4,"name":"Do provinces and territories have policies that support queer students\u2019 privacy?"}]},{"@type":"WebSite","@id":"https:\/\/queerstudentrights.ca\/#website","url":"https:\/\/queerstudentrights.ca\/","name":"Connaissez vos droits : Un guide pour les \u00e9tudiants homosexuels","description":"Guide \u00e0 l'intention des \u00e9l\u00e8ves homosexuels dans les \u00e9coles","publisher":{"@id":"https:\/\/queerstudentrights.ca\/#organization"},"potentialAction":[{"@type":"SearchAction","target":{"@type":"EntryPoint","urlTemplate":"https:\/\/queerstudentrights.ca\/?s={search_term_string}"},"query-input":{"@type":"PropertyValueSpecification","valueRequired":true,"valueName":"search_term_string"}}],"inLanguage":"fr-CA"},{"@type":"Organization","@id":"https:\/\/queerstudentrights.ca\/#organization","name":"Association canadienne des libert\u00e9s civiles","url":"https:\/\/queerstudentrights.ca\/","logo":{"@type":"ImageObject","inLanguage":"fr-CA","@id":"https:\/\/queerstudentrights.ca\/#\/schema\/logo\/image\/","url":"https:\/\/queerstudentrights.ca\/wp-content\/uploads\/2025\/09\/cropped-CCLA-gravatar.png","contentUrl":"https:\/\/queerstudentrights.ca\/wp-content\/uploads\/2025\/09\/cropped-CCLA-gravatar.png","width":512,"height":512,"caption":"Canadian Civil Liberties Association"},"image":{"@id":"https:\/\/queerstudentrights.ca\/#\/schema\/logo\/image\/"}}]}},"_links":{"self":[{"href":"https:\/\/queerstudentrights.ca\/fr\/wp-json\/wp\/v2\/pages\/612","targetHints":{"allow":["GET"]}}],"collection":[{"href":"https:\/\/queerstudentrights.ca\/fr\/wp-json\/wp\/v2\/pages"}],"about":[{"href":"https:\/\/queerstudentrights.ca\/fr\/wp-json\/wp\/v2\/types\/page"}],"author":[{"embeddable":true,"href":"https:\/\/queerstudentrights.ca\/fr\/wp-json\/wp\/v2\/users\/3454"}],"replies":[{"embeddable":true,"href":"https:\/\/queerstudentrights.ca\/fr\/wp-json\/wp\/v2\/comments?post=612"}],"version-history":[{"count":12,"href":"https:\/\/queerstudentrights.ca\/fr\/wp-json\/wp\/v2\/pages\/612\/revisions"}],"predecessor-version":[{"id":1184,"href":"https:\/\/queerstudentrights.ca\/fr\/wp-json\/wp\/v2\/pages\/612\/revisions\/1184"}],"up":[{"embeddable":true,"href":"https:\/\/queerstudentrights.ca\/fr\/wp-json\/wp\/v2\/pages\/604"}],"wp:attachment":[{"href":"https:\/\/queerstudentrights.ca\/fr\/wp-json\/wp\/v2\/media?parent=612"}],"wp:term":[{"taxonomy":"wf_page_folders","embeddable":true,"href":"https:\/\/queerstudentrights.ca\/fr\/wp-json\/wp\/v2\/wf_page_folders?post=612"}],"curies":[{"name":"wp","href":"https:\/\/api.w.org\/{rel}","templated":true}]}}