{"id":498,"date":"2025-09-15T12:04:21","date_gmt":"2025-09-15T16:04:21","guid":{"rendered":"https:\/\/queerstudentrights.ca\/?page_id=498"},"modified":"2025-10-02T13:48:04","modified_gmt":"2025-10-02T17:48:04","slug":"can-schools-limit-queer-students-participation-in-school-activities-like-sports-prom-or-school-trips","status":"publish","type":"page","link":"https:\/\/queerstudentrights.ca\/fr\/your-rights\/the-right-to-equality-freedom-from-discrimination\/fostering-inclusive-schools\/can-schools-limit-queer-students-participation-in-school-activities-like-sports-prom-or-school-trips\/","title":{"rendered":"Les \u00e9coles peuvent-elles limiter la participation des \u00e9l\u00e8ves homosexuels \u00e0 des activit\u00e9s scolaires telles que le sport, le bal de fin d'ann\u00e9e ou les voyages scolaires ?"},"content":{"rendered":"<div id=\"fws_69f32c912baa0\"  data-column-margin=\"default\" data-midnight=\"dark\"  class=\"wpb_row vc_row-fluid vc_row\"  style=\"padding-top: 0px; padding-bottom: 0px; \"><div class=\"row-bg-wrap\" data-bg-animation=\"none\" data-bg-animation-delay=\"\" data-bg-overlay=\"false\"><div class=\"inner-wrap row-bg-layer\" ><div class=\"row-bg viewport-desktop\"  style=\"\"><\/div><\/div><\/div><div class=\"row_col_wrap_12 col span_12 dark left\">\n\t<div  class=\"vc_col-sm-12 wpb_column column_container vc_column_container col no-extra-padding inherit_tablet inherit_phone\"  data-padding-pos=\"all\" data-has-bg-color=\"false\" data-bg-color=\"\" data-bg-opacity=\"1\" data-animation=\"\" data-delay=\"0\" >\n\t\t<div class=\"vc_column-inner\" >\n\t\t\t<div class=\"wpb_wrapper\">\n\t\t\t\t\n\t\t<div id=\"fws_69f32c912c744\"  data-column-margin=\"default\" data-midnight=\"dark\" data-top-percent=\"6%\" data-bottom-percent=\"6%\"  class=\"wpb_row vc_row-fluid vc_row full-width-section\"  style=\"padding-top: calc(100vw * 0.06); padding-bottom: calc(100vw * 0.06); \"><div class=\"row-bg-wrap\" data-bg-animation=\"none\" data-bg-animation-delay=\"\" data-bg-overlay=\"true\"><div class=\"inner-wrap row-bg-layer using-image\" ><div class=\"row-bg viewport-desktop using-image using-bg-color\"  style=\"background-image: url(https:\/\/queerstudentrights.ca\/wp-content\/uploads\/2025\/09\/heather-mount-ooCsfLmCeeE-unsplash.jpg); background-position: center center; background-repeat: no-repeat; background-color: #49479d; \"><\/div><\/div><div class=\"row-bg-overlay row-bg-layer\" style=\"background-color:#49479d;  opacity: 0.8; \"><\/div><\/div><div class=\"nectar-shape-divider-wrap\" style=\" height:80px;\"  data-height=\"80\" data-front=\"true\" data-style=\"mountains\" data-position=\"bottom\" ><svg class=\"nectar-shape-divider\" fill=\"#ffffff\" xmlns=\"http:\/\/www.w3.org\/2000\/svg\" viewbox=\"0 0 1000 300\" preserveaspectratio=\"none\">\n          <path d=\"M 1014 264 v 122 h -808 l -172 -86 s 310.42 -22.84 402 -79 c 106 -65 154 -61 268 -12 c 107 46 195.11 5.94 275 137 z\"><\/path>   <path d=\"M -302 55 s 235.27 208.25 352 159 c 128 -54 233 -98 303 -73 c 92.68 33.1 181.28 115.19 235 108 c 104.9 -14 176.52 -173.06 267 -118 c 85.61 52.09 145 123 145 123 v 74 l -1306 10 z\"><\/path>\n          <path d=\"M -286 255 s 214 -103 338 -129 s 203 29 384 101 c 145.57 57.91 178.7 50.79 272 0 c 79 -43 301 -224 385 -63 c 53 101.63 -62 129 -62 129 l -107 84 l -1212 12 z\"><\/path>\n          <path d=\"M -24 69 s 299.68 301.66 413 245 c 8 -4 233 2 284 42 c 17.47 13.7 172 -132 217 -174 c 54.8 -51.15 128 -90 188 -39 c 76.12 64.7 118 99 118 99 l -12 132 l -1212 12 z\"><\/path>\n          <path d=\"M -12 201 s 70 83 194 57 s 160.29 -36.77 274 6 c 109 41 184.82 24.36 265 -15 c 55 -27 116.5 -57.69 214 4 c 49 31 95 26 95 26 l -6 151 l -1036 10 z\"><\/path> <\/svg><\/div><div class=\"row_col_wrap_12 col span_12 dark left\">\n\t<div  class=\"vc_col-sm-12 wpb_column column_container vc_column_container col no-extra-padding inherit_tablet inherit_phone\"  data-padding-pos=\"all\" data-has-bg-color=\"false\" data-bg-color=\"\" data-bg-opacity=\"1\" data-animation=\"\" data-delay=\"0\" >\n\t\t<div class=\"vc_column-inner\" >\n\t\t\t<div class=\"wpb_wrapper\">\n\t\t\t\t<div class=\"nectar-highlighted-text font_size_11vh\" data-style=\"text_outline\" data-outline-thickness=\"regular\" data-user-color=\"true\" style=\"color: #ffffff;\" data-using-custom-color=\"false\" data-animation-delay=\"false\" data-color=\"\" data-color-gradient=\"\"><h1 style=\"line-height: .9em\"><em>Le droit \u00e0 l'\u00e9galit\u00e9 :<\/em><\/h1>\n<\/div><h2 style=\"font-size: 38px;color: #ffffff;line-height: 1;text-align: left\" class=\"vc_custom_heading vc_do_custom_heading\" >Absence de discrimination<\/h2>\n\t\t\t<\/div> \n\t\t<\/div>\n\t<\/div> \n<\/div><\/div>\n\t\t<div id=\"fws_69f32c912d346\"  data-column-margin=\"default\" data-midnight=\"dark\"  class=\"wpb_row vc_row-fluid vc_row\"  style=\"padding-top: 0px; padding-bottom: 0px; \"><div class=\"row-bg-wrap\" data-bg-animation=\"none\" data-bg-animation-delay=\"\" data-bg-overlay=\"false\"><div class=\"inner-wrap row-bg-layer\" ><div class=\"row-bg viewport-desktop\"  style=\"\"><\/div><\/div><\/div><div class=\"row_col_wrap_12 col span_12 dark left\">\n\t<div  class=\"vc_col-sm-12 wpb_column column_container vc_column_container col padding-2-percent inherit_tablet inherit_phone\"  data-padding-pos=\"top-bottom\" data-has-bg-color=\"false\" data-bg-color=\"\" data-bg-opacity=\"1\" data-animation=\"\" data-delay=\"0\" >\n\t\t<div class=\"vc_column-inner\" >\n\t\t\t<div class=\"wpb_wrapper\">\n\t\t\t\t\n\t<div class=\"wpb_raw_code wpb_raw_html wpb_content_element\" >\n\t\t<div class=\"wpb_wrapper\">\n\t\t\t<span><span><a href=\"https:\/\/queerstudentrights.ca\/fr\/\">Accueil<\/a><\/span><\/span>\n\t\t<\/div>\n\t<\/div>\n\n\t\t\t<\/div> \n\t\t<\/div>\n\t<\/div> \n<\/div><\/div>\n<style type=\"text\/css\" data-type=\"vc_shortcodes-default-css\">.vc_do_custom_heading{margin-bottom:0.625rem;margin-top:0;}<\/style>\n\t\t\t<\/div> \n\t\t<\/div>\n\t<\/div> \n<\/div><\/div>\n\t\t<div id=\"fws_69f32c912f873\"  data-column-margin=\"40px\" data-midnight=\"dark\" data-bottom-percent=\"2%\"  class=\"wpb_row vc_row-fluid vc_row full-width-section  top_padding_phone_4pct bottom_padding_phone_4pct\"  style=\"padding-top: 0px; padding-bottom: calc(100vw * 0.02); \"><div class=\"row-bg-wrap\" data-bg-animation=\"none\" data-bg-animation-delay=\"\" data-bg-overlay=\"false\"><div class=\"inner-wrap row-bg-layer\" ><div class=\"row-bg viewport-desktop\"  style=\"\"><\/div><\/div><\/div><div class=\"row_col_wrap_12 col span_12 dark left\">\n\t<div  class=\"vc_col-sm-8 wpb_column column_container vc_column_container col no-extra-padding inherit_tablet inherit_phone\"  data-padding-pos=\"all\" data-has-bg-color=\"false\" data-bg-color=\"\" data-bg-opacity=\"1\" data-animation=\"\" data-delay=\"0\" >\n\t\t<div class=\"vc_column-inner\" >\n\t\t\t<div class=\"wpb_wrapper\">\n\t\t\t\t<h2 style=\"color: #49479d;text-align: left\" class=\"vc_custom_heading vc_do_custom_heading\" >Les \u00e9coles peuvent-elles limiter la participation des \u00e9l\u00e8ves homosexuels \u00e0 des activit\u00e9s scolaires telles que les sports, les bals de fin d'ann\u00e9e ou les voyages scolaires ?<\/h2>\n<div class=\"wpb_text_column wpb_content_element\" >\n\t<div class=\"wpb_wrapper\">\n\t\t<p>Les \u00e9l\u00e8ves homosexuels ont le droit d'\u00eatre inclus dans les activit\u00e9s scolaires de la m\u00eame mani\u00e8re que tous les autres \u00e9l\u00e8ves. Ce droit appara\u00eet parfois explicitement dans les politiques et les lois et, de l'avis de l'ACLC, il est \u00e9galement ancr\u00e9 dans l'article 15 de la loi sur les droits de l'homme. <em>Charte, <\/em>les <a href=\"https:\/\/queerstudentrights.ca\/fr\/your-rights\/the-right-to-equality-freedom-from-discrimination\/\">le droit \u00e0 l'\u00e9galit\u00e9 et le droit de ne pas subir de discrimination<\/a>.<\/p>\n<p>L'inclusion dans les activit\u00e9s scolaires peut \u00eatre particuli\u00e8rement importante pour les \u00e9l\u00e8ves trans et non binaires lorsqu'ils sont confront\u00e9s \u00e0 des activit\u00e9s scolaires s\u00e9gr\u00e9gu\u00e9es en fonction du sexe, comme les sports. Certaines provinces ou certains conseils scolaires ont mis en place des politiques sp\u00e9cifiques qui permettent aux \u00e9l\u00e8ves transgenres de participer \u00e0 des activit\u00e9s scolaires s\u00e9par\u00e9es par sexe, conform\u00e9ment \u00e0 leur identit\u00e9 de genre. En voici un exemple :<\/p>\n<ul>\n<li><a href=\"https:\/\/www.edu.gov.mb.ca\/k12\/docs\/support\/transgender\/full_doc.pdf\" target=\"_blank\" rel=\"noopener\">Lignes directrices<\/a> de <strong>Manitoba<\/strong>Le minist\u00e8re de l'\u00e9ducation et de la formation du Royaume-Uni d\u00e9clare que \"tous les \u00e9l\u00e8ves, quelle que soit leur identit\u00e9 ou leur expression de genre, doivent pouvoir participer aux cours d'\u00e9ducation physique et aux activit\u00e9s extrascolaires, y compris aux \u00e9quipes sportives de comp\u00e9tition et de loisir, dans un environnement s\u00fbr, inclusif et respectueux. Les \u00e9l\u00e8ves transgenres et les \u00e9l\u00e8ves issus de la diversit\u00e9 de genre ont le droit de participer \u00e0 ces cours et \u00e0 ces activit\u00e9s d'une mani\u00e8re qui soit s\u00fbre et confortable et qui corresponde \u00e0 leur identit\u00e9 de genre\".<\/li>\n<li><strong>Nouvelle-\u00c9cosse<\/strong>'s <a href=\"https:\/\/studentservices.ednet.ns.ca\/sites\/default\/files\/Guidelines%20for%20Supporting%20Transgender%20Students_0.pdf\" target=\"_blank\" rel=\"noopener\"><em>Lignes directrices pour le soutien aux \u00e9l\u00e8ves transgenres et \u00e0 ceux qui n'ont pas de genre<\/em><\/a> explique que : \"L'auto-identification d'un \u00e9l\u00e8ve est la seule mesure de son identit\u00e9 de genre. Il n'est pas acceptable d'exiger d'un \u00e9l\u00e8ve transgenre ou non conforme au genre qu'il participe \u00e0 des activit\u00e9s sur la base du sexe qui lui a \u00e9t\u00e9 assign\u00e9 \u00e0 la naissance ou de son \u00e9tat de transition m\u00e9dicale.\"<\/li>\n<li>En soutenant le droit des \u00e9l\u00e8ves transgenres \u00e0 participer aux sports et aux cours d'\u00e9ducation physique, la <a href=\"https:\/\/www.tdsb.on.ca\/Portals\/0\/docs\/tdsb%20transgender%20accommodation%20FINAL_1_.pdf\" target=\"_blank\" rel=\"noopener\">Politique du conseil scolaire du district de Toronto<\/a> note que \"le fait de priver un \u00e9l\u00e8ve de la possibilit\u00e9 de suivre des cours d'\u00e9ducation physique ne constitue pas un am\u00e9nagement acceptable\", par exemple en obligeant les \u00e9l\u00e8ves transgenres \u00e0 choisir une \u00e9tude ind\u00e9pendante ou en ne les autorisant pas \u00e0 suivre des cours d'\u00e9ducation physique.<strong>\u00a0<\/strong><\/li>\n<\/ul>\n\t<\/div>\n<\/div>\n\n\n\n<div id=\"fws_69f32c9130372\" data-midnight=\"\" data-column-margin=\"40px\" class=\"wpb_row vc_row-fluid vc_row inner_row vc_row-o-equal-height vc_row-flex vc_row-o-content-middle\"  style=\"\"><div class=\"row-bg-wrap\"> <div class=\"row-bg\" ><\/div> <\/div><div class=\"row_col_wrap_12_inner col span_12  left\">\n\t<div style=\"\" class=\"vc_col-sm-12 stats wpb_column column_container vc_column_container col child_column padding-4-percent inherit_tablet inherit_phone\"  data-using-bg=\"true\" data-padding-pos=\"all\" data-has-bg-color=\"true\" data-bg-color=\"#666666\" data-bg-opacity=\"0.2\" data-animation=\"\" data-delay=\"0\" >\n\t\t<div class=\"vc_column-inner\" ><div class=\"column-bg-overlay-wrap column-bg-layer\" data-bg-animation=\"none\"><div class=\"column-bg-overlay\" style=\"opacity: 0.2; background-color: #666666;\"><\/div><\/div>\n\t\t<div class=\"wpb_wrapper\">\n\t\t\t<div class=\"nectar-highlighted-text font_size_3em\" data-style=\"text_outline\" data-outline-thickness=\"thick\" data-user-color=\"true\" style=\"color: #020000;\" data-using-custom-color=\"false\" data-animation-delay=\"false\" data-color=\"\" data-color-gradient=\"\"><h3 class=\"vc_custom_heading vc_do_custom_heading\"><em>Les mouvements contre les droits :<\/em><\/h3>\n<\/div><h4 style=\"color: #020000;text-align: left\" class=\"vc_custom_heading vc_do_custom_heading\" >Sports en Alberta<\/h4>\n<div class=\"wpb_text_column wpb_content_element\" >\n\t<div class=\"wpb_wrapper\">\n\t\t<p>En 2025, le gouvernement de l'Alberta a mis en place <a href=\"https:\/\/docs.assembly.ab.ca\/LADDAR_files\/docs\/bills\/bill\/legislature_31\/session_1\/20230530_bill-029.pdf\" target=\"_blank\" rel=\"noopener\">nouvelles lois<\/a> qui interdisent aux femmes et aux filles transgenres de participer \u00e0 des comp\u00e9titions sportives f\u00e9minines. <a href=\"https:\/\/www.cbc.ca\/news\/canada\/edmonton\/alberta-female-trans-athlete-ban-1.7554900\" target=\"_blank\" rel=\"noopener\">Cette loi impose<\/a> les \u00e9coles, les universit\u00e9s et les clubs sportifs \u00e0 faire en sorte que les ligues sportives r\u00e9serv\u00e9es aux femmes ne soient accessibles qu'aux personnes de sexe f\u00e9minin \u00e0 la naissance. La politique \u00e9tablit une \"proc\u00e9dure de plainte formelle\" permettant aux Albertains de remettre en question l'\u00e9ligibilit\u00e9 des athl\u00e8tes f\u00e9minines et permet d'enqu\u00eater sur le sexe d'un athl\u00e8te \u00e0 la naissance en examinant les actes de naissance. Un acte de naissance est un document que les individus ne peuvent pas modifier ; il est diff\u00e9rent d'un acte de naissance.<\/p>\n<p>L'ACLC consid\u00e8re que cette politique est clairement discriminatoire et constitue une violation des droits des femmes et des filles transgenres. L'ACLC estime que les personnes transf\u00e9minines et toutes les personnes 2SLGBTQIA+ ont le droit de participer aux sports, y compris aux sports scolaires, conform\u00e9ment \u00e0 leur identit\u00e9 de genre.<\/p>\n\t<\/div>\n<\/div>\n\n\n\n\n\t\t<\/div> \n\t<\/div>\n\t<\/div> \n<\/div><\/div><div id=\"fws_69f32c9130fca\" data-midnight=\"\" data-column-margin=\"40px\" class=\"wpb_row vc_row-fluid vc_row inner_row vc_row-o-equal-height vc_row-flex vc_row-o-content-middle\"  style=\"\"><div class=\"row-bg-wrap\"> <div class=\"row-bg\" ><\/div> <\/div><div class=\"row_col_wrap_12_inner col span_12  left\">\n\t<div style=\"\" class=\"vc_col-sm-12 stats wpb_column column_container vc_column_container col child_column padding-4-percent inherit_tablet inherit_phone\"  data-using-bg=\"true\" data-padding-pos=\"all\" data-has-bg-color=\"true\" data-bg-color=\"#8a8ace\" data-bg-opacity=\"0.2\" data-animation=\"\" data-delay=\"0\" >\n\t\t<div class=\"vc_column-inner\" ><div class=\"column-bg-overlay-wrap column-bg-layer\" data-bg-animation=\"none\"><div class=\"column-bg-overlay\" style=\"opacity: 0.2; background-color: #8a8ace;\"><\/div><\/div>\n\t\t<div class=\"wpb_wrapper\">\n\t\t\t<div class=\"nectar-highlighted-text font_size_3em\" data-style=\"text_outline\" data-outline-thickness=\"thick\" data-user-color=\"true\" style=\"color: #49479d;\" data-using-custom-color=\"false\" data-animation-delay=\"false\" data-color=\"\" data-color-gradient=\"\"><h3 class=\"vc_custom_heading vc_do_custom_heading\"><em>Le plaidoyer en action :<\/em><\/h3>\n<\/div><h4 style=\"color: #49479d;text-align: left\" class=\"vc_custom_heading vc_do_custom_heading\" >Un \u00e9tudiant gagne le droit d'aller au bal de fin d'ann\u00e9e avec son partenaire de m\u00eame sexe<\/h4>\n<div class=\"wpb_text_column wpb_content_element\" >\n\t<div class=\"wpb_wrapper\">\n\t\t<p>En 2002, Marc Hall, un \u00e9l\u00e8ve de 17 ans d'un lyc\u00e9e catholique de l'Ontario, s'est vu signifier qu'il ne pouvait pas emmener son petit ami au bal de fin d'ann\u00e9e. Son directeur a d\u00e9clar\u00e9 que permettre \u00e0 Marc d'amener un partenaire de m\u00eame sexe au bal de l'\u00e9cole reviendrait \u00e0 approuver l'activit\u00e9 homosexuelle, ce qui est contraire \u00e0 l'enseignement de l'\u00c9glise catholique. Dans une injonction (une d\u00e9cision de justice exigeant d'une personne qu'elle fasse ou cesse de faire quelque chose), <a href=\"https:\/\/www.canlii.org\/en\/on\/onsc\/doc\/2002\/2002canlii49475\/2002canlii49475.html?resultId=2324d9e000f0483280d2e0b70e5373d6&amp;searchId=2025-09-09T13:50:07:826\/247a44597fe24a7d9bad993eef73f39d\" target=\"_blank\" rel=\"noopener\">le tribunal a ordonn\u00e9<\/a> l'\u00e9cole de permettre \u00e0 Marc d'emmener son petit ami au bal de fin d'ann\u00e9e. Le tribunal a d\u00e9clar\u00e9 que le fait d'emp\u00eacher Marc de le faire constituait une violation de son droit \u00e0 l'\u00e9galit\u00e9, car contrairement \u00e0 ses camarades, il n'\u00e9tait pas libre d'emmener la personne de son choix au bal de fin d'ann\u00e9e.<\/p>\n\t<\/div>\n<\/div>\n\n\n\n\n\t\t<\/div> \n\t<\/div>\n\t<\/div> \n<\/div><\/div>\n<div class=\"wpb_text_column wpb_content_element\" >\n\t<div class=\"wpb_wrapper\">\n\t\t<p><em>Si vous pensez que votre droit \u00e0 l'inclusion dans les activit\u00e9s scolaires a \u00e9t\u00e9 viol\u00e9 et que vous vous interrogez sur la marche \u00e0 suivre, veuillez consulter la section intitul\u00e9e \"<a href=\"https:\/\/queerstudentrights.ca\/fr\/what-to-do-if-you-think-your-rights-have-been-violated\/\" target=\"_blank\" rel=\"noopener\">Que faire si vous pensez que vos droits ont \u00e9t\u00e9 viol\u00e9s ?<\/a><\/em><em>\"ainsi que la liste des <a href=\"https:\/\/queerstudentrights.ca\/fr\/resources\/\" target=\"_blank\" rel=\"noopener\">Ressources<\/a> \u00e0 la fin de ce guide.<\/em><\/p>\n\t<\/div>\n<\/div>\n\n\n\n\n\t\t\t<\/div> \n\t\t<\/div>\n\t<\/div> \n\n\t<div  class=\"vc_col-sm-4 wpb_column column_container vc_column_container col no-extra-padding inherit_tablet inherit_phone\"  data-padding-pos=\"all\" data-has-bg-color=\"false\" data-bg-color=\"\" data-bg-opacity=\"1\" data-animation=\"\" data-delay=\"0\" >\n\t\t<div class=\"vc_column-inner\" >\n\t\t\t<div class=\"wpb_wrapper\">\n\t\t\t\t\n\t\t<div id=\"fws_69f32c9132580\"  data-column-margin=\"default\" data-midnight=\"dark\"  class=\"wpb_row vc_row-fluid vc_row\"  style=\"padding-top: 0px; padding-bottom: 0px; \"><div class=\"row-bg-wrap\" data-bg-animation=\"none\" data-bg-animation-delay=\"\" data-bg-overlay=\"false\"><div class=\"inner-wrap row-bg-layer\" ><div class=\"row-bg viewport-desktop\"  style=\"\"><\/div><\/div><\/div><div class=\"row_col_wrap_12 col span_12 dark left\">\n\t<div  class=\"vc_col-sm-12 wpb_column column_container vc_column_container col no-extra-padding inherit_tablet inherit_phone\"  data-padding-pos=\"all\" data-has-bg-color=\"false\" data-bg-color=\"\" data-bg-opacity=\"0.2\" data-animation=\"\" data-delay=\"0\" >\n\t\t<div class=\"vc_column-inner\" >\n\t\t\t<div class=\"wpb_wrapper\">\n\t\t\t\t<div id=\"fws_69f32c9132b74\" data-midnight=\"\" data-column-margin=\"default\" class=\"wpb_row vc_row-fluid vc_row inner_row\"  style=\"\"><div class=\"row-bg-wrap\"> <div class=\"row-bg\" ><\/div> <\/div><div class=\"row_col_wrap_12_inner col span_12  left\">\n\t<div style=\"\" class=\"vc_col-sm-12 wpb_column column_container vc_column_container col child_column padding-3-percent inherit_tablet inherit_phone\"  data-using-bg=\"true\" data-border-animation=\"\" data-border-animation-delay=\"\" data-border-width=\"1px\" data-border-style=\"solid\" data-border-color=\"#49479d\" data-padding-pos=\"all\" data-has-bg-color=\"true\" data-bg-color=\"#ffffff\" data-bg-opacity=\"1\" data-hover-bg=\"#8a8ace\" data-hover-bg-opacity=\"0.3\" data-animation=\"\" data-delay=\"0\" >\n\t\t<div class=\"vc_column-inner\" style=\"border: 1px solid rgba(255,255,255,0); \"><a class=\"column-link\" target=\"_self\" href=\"\/fr\/does-my-school-have-to-take-steps-to-provide-an-inclusive-learning-environment\/\"><span class=\"screen-reader-text\">Mon \u00e9cole doit-elle prendre des mesures pour offrir un environnement d'apprentissage inclusif ?<\/span><\/a><span class=\"border-wrap\" style=\"border-color: #49479d;\"><span class=\"border-top\"><\/span><span class=\"border-right\"><\/span><span class=\"border-bottom\"><\/span><span class=\"border-left\"><\/span><\/span><div class=\"column-bg-overlay-wrap column-bg-layer\" data-bg-animation=\"none\"><div class=\"column-bg-overlay\" style=\"opacity: 1; background-color: #ffffff;\"><\/div><\/div>\n\t\t<div class=\"wpb_wrapper\">\n\t\t\t<h6 style=\"color: #49479d;text-align: left\" class=\"vc_custom_heading vc_do_custom_heading vc_custom_1757955308715\" >Mon \u00e9cole doit-elle prendre des mesures pour offrir un environnement d'apprentissage inclusif ?<\/h6>\n\t\t<\/div> \n\t<\/div>\n\t<\/div> \n<\/div><\/div><div id=\"fws_69f32c9133329\" data-midnight=\"\" data-column-margin=\"default\" class=\"wpb_row vc_row-fluid vc_row inner_row\"  style=\"\"><div class=\"row-bg-wrap\"> <div class=\"row-bg\" ><\/div> <\/div><div class=\"row_col_wrap_12_inner col span_12  left\">\n\t<div style=\"\" class=\"vc_col-sm-12 wpb_column column_container vc_column_container col child_column padding-3-percent inherit_tablet inherit_phone\"  data-using-bg=\"true\" data-border-animation=\"\" data-border-animation-delay=\"\" data-border-width=\"1px\" data-border-style=\"solid\" data-border-color=\"#49479d\" data-padding-pos=\"all\" data-has-bg-color=\"true\" data-bg-color=\"#ffffff\" data-bg-opacity=\"1\" data-hover-bg=\"#8a8ace\" data-hover-bg-opacity=\"0.3\" data-animation=\"\" data-delay=\"0\" >\n\t\t<div class=\"vc_column-inner\" style=\"border: 1px solid rgba(255,255,255,0); \"><a class=\"column-link\" target=\"_self\" href=\"\/fr\/is-my-school-required-to-provide-inclusive-school-curriculum\/\"><span class=\"screen-reader-text\">Mon \u00e9cole est-elle tenue de proposer un programme scolaire inclusif ?<\/span><\/a><span class=\"border-wrap\" style=\"border-color: #49479d;\"><span class=\"border-top\"><\/span><span class=\"border-right\"><\/span><span class=\"border-bottom\"><\/span><span class=\"border-left\"><\/span><\/span><div class=\"column-bg-overlay-wrap column-bg-layer\" data-bg-animation=\"none\"><div class=\"column-bg-overlay\" style=\"opacity: 1; background-color: #ffffff;\"><\/div><\/div>\n\t\t<div class=\"wpb_wrapper\">\n\t\t\t<h6 style=\"color: #49479d;text-align: left\" class=\"vc_custom_heading vc_do_custom_heading vc_custom_1757955349314\" >Mon \u00e9cole est-elle tenue de proposer un programme scolaire inclusif ?<\/h6>\n\t\t<\/div> \n\t<\/div>\n\t<\/div> \n<\/div><\/div><div id=\"fws_69f32c9133b3c\" data-midnight=\"\" data-column-margin=\"default\" class=\"wpb_row vc_row-fluid vc_row inner_row\"  style=\"\"><div class=\"row-bg-wrap\"> <div class=\"row-bg\" ><\/div> <\/div><div class=\"row_col_wrap_12_inner col span_12  left\">\n\t<div style=\"\" class=\"vc_col-sm-12 wpb_column column_container vc_column_container col child_column padding-3-percent inherit_tablet inherit_phone\"  data-using-bg=\"true\" data-border-animation=\"\" data-border-animation-delay=\"\" data-border-width=\"1px\" data-border-style=\"solid\" data-border-color=\"#49479d\" data-padding-pos=\"all\" data-has-bg-color=\"true\" data-bg-color=\"#ffffff\" data-bg-opacity=\"1\" data-hover-bg=\"#8a8ace\" data-hover-bg-opacity=\"0.3\" data-animation=\"\" data-delay=\"0\" >\n\t\t<div class=\"vc_column-inner\" style=\"border: 1px solid rgba(255,255,255,0); \"><a class=\"column-link\" target=\"_self\" href=\"\/fr\/can-my-school-limit-the-content-of-learning-materials-in-school-libraries\/\"><span class=\"screen-reader-text\">Mon \u00e9cole peut-elle limiter le contenu du mat\u00e9riel p\u00e9dagogique dans les biblioth\u00e8ques scolaires ?<\/span><\/a><span class=\"border-wrap\" style=\"border-color: #49479d;\"><span class=\"border-top\"><\/span><span class=\"border-right\"><\/span><span class=\"border-bottom\"><\/span><span class=\"border-left\"><\/span><\/span><div class=\"column-bg-overlay-wrap column-bg-layer\" data-bg-animation=\"none\"><div class=\"column-bg-overlay\" style=\"opacity: 1; background-color: #ffffff;\"><\/div><\/div>\n\t\t<div class=\"wpb_wrapper\">\n\t\t\t<h6 style=\"color: #49479d;text-align: left\" class=\"vc_custom_heading vc_do_custom_heading vc_custom_1757955369457\" >Mon \u00e9cole peut-elle limiter le contenu du mat\u00e9riel p\u00e9dagogique dans les biblioth\u00e8ques scolaires ?<\/h6>\n\t\t<\/div> \n\t<\/div>\n\t<\/div> \n<\/div><\/div><div id=\"fws_69f32c913427d\" data-midnight=\"\" data-column-margin=\"default\" class=\"wpb_row vc_row-fluid vc_row inner_row\"  style=\"\"><div class=\"row-bg-wrap\"> <div class=\"row-bg\" ><\/div> <\/div><div class=\"row_col_wrap_12_inner col span_12  left\">\n\t<div style=\"\" class=\"vc_col-sm-12 wpb_column column_container vc_column_container col child_column padding-3-percent inherit_tablet inherit_phone\"  data-using-bg=\"true\" data-border-animation=\"\" data-border-animation-delay=\"\" data-border-width=\"1px\" data-border-style=\"solid\" data-border-color=\"#49479d\" data-padding-pos=\"all\" data-has-bg-color=\"true\" data-bg-color=\"#ffffff\" data-bg-opacity=\"1\" data-hover-bg=\"#8a8ace\" data-hover-bg-opacity=\"0.3\" data-animation=\"\" data-delay=\"0\" >\n\t\t<div class=\"vc_column-inner\" style=\"border: 1px solid rgba(255,255,255,0); \"><a class=\"column-link\" target=\"_self\" href=\"\/fr\/can-my-school-refuse-to-allow-student-clubs-for-queer-students\/\"><span class=\"screen-reader-text\">Mon \u00e9cole peut-elle refuser d'autoriser les clubs d'\u00e9tudiants homosexuels (GSA et autres) ?<\/span><\/a><span class=\"border-wrap\" style=\"border-color: #49479d;\"><span class=\"border-top\"><\/span><span class=\"border-right\"><\/span><span class=\"border-bottom\"><\/span><span class=\"border-left\"><\/span><\/span><div class=\"column-bg-overlay-wrap column-bg-layer\" data-bg-animation=\"none\"><div class=\"column-bg-overlay\" style=\"opacity: 1; background-color: #ffffff;\"><\/div><\/div>\n\t\t<div class=\"wpb_wrapper\">\n\t\t\t<h6 style=\"color: #49479d;text-align: left\" class=\"vc_custom_heading vc_do_custom_heading vc_custom_1759426490739\" >Mon \u00e9cole peut-elle refuser d'autoriser un club d'\u00e9tudiants homosexuels (GSA et autres) ?<\/h6>\n\t\t<\/div> \n\t<\/div>\n\t<\/div> \n<\/div><\/div><div id=\"fws_69f32c9134914\" data-midnight=\"\" data-column-margin=\"default\" class=\"wpb_row vc_row-fluid vc_row inner_row\"  style=\"\"><div class=\"row-bg-wrap\"> <div class=\"row-bg\" ><\/div> <\/div><div class=\"row_col_wrap_12_inner col span_12  left\">\n\t<div style=\"\" class=\"vc_col-sm-12 wpb_column column_container vc_column_container col child_column padding-3-percent inherit_tablet inherit_phone\"  data-using-bg=\"true\" data-border-animation=\"\" data-border-animation-delay=\"\" data-border-width=\"1px\" data-border-style=\"solid\" data-border-color=\"#49479d\" data-padding-pos=\"all\" data-has-bg-color=\"true\" data-bg-color=\"#ffffff\" data-bg-opacity=\"1\" data-hover-bg=\"#8a8ace\" data-hover-bg-opacity=\"0.3\" data-animation=\"\" data-delay=\"0\" >\n\t\t<div class=\"vc_column-inner\" style=\"border: 1px solid rgba(255,255,255,0); \"><a class=\"column-link\" target=\"_self\" href=\"\/fr\/what-about-freedom-of-religion\/\"><span class=\"screen-reader-text\">Qu'en est-il de la libert\u00e9 de religion ?<\/span><\/a><span class=\"border-wrap\" style=\"border-color: #49479d;\"><span class=\"border-top\"><\/span><span class=\"border-right\"><\/span><span class=\"border-bottom\"><\/span><span class=\"border-left\"><\/span><\/span><div class=\"column-bg-overlay-wrap column-bg-layer\" data-bg-animation=\"none\"><div class=\"column-bg-overlay\" style=\"opacity: 1; background-color: #ffffff;\"><\/div><\/div>\n\t\t<div class=\"wpb_wrapper\">\n\t\t\t<h6 style=\"color: #49479d;text-align: left\" class=\"vc_custom_heading vc_do_custom_heading vc_custom_1757955792775\" >Qu'en est-il de la libert\u00e9 de religion ?<\/h6>\n\t\t<\/div> \n\t<\/div>\n\t<\/div> \n<\/div><\/div><div id=\"fws_69f32c913505f\" data-midnight=\"\" data-column-margin=\"default\" class=\"wpb_row vc_row-fluid vc_row inner_row\"  style=\"\"><div class=\"row-bg-wrap\"> <div class=\"row-bg\" ><\/div> <\/div><div class=\"row_col_wrap_12_inner col span_12  left\">\n\t<div style=\"\" class=\"vc_col-sm-12 wpb_column column_container vc_column_container col child_column padding-3-percent inherit_tablet inherit_phone\"  data-using-bg=\"true\" data-border-animation=\"\" data-border-animation-delay=\"\" data-border-width=\"1px\" data-border-style=\"solid\" data-border-color=\"#49479d\" data-padding-pos=\"all\" data-has-bg-color=\"true\" data-bg-color=\"#ffffff\" data-bg-opacity=\"1\" data-hover-bg=\"#8a8ace\" data-hover-bg-opacity=\"0.3\" data-animation=\"\" data-delay=\"0\" >\n\t\t<div class=\"vc_column-inner\" style=\"border: 1px solid rgba(255,255,255,0); \"><a class=\"column-link\" target=\"_self\" href=\"\/fr\/can-schools-limit-queer-students-participation-in-school-activities-like-sports-prom-or-school-trips\/\"><span class=\"screen-reader-text\">Qu'en est-il de l'inclusion des \u00e9l\u00e8ves homosexuels dans les activit\u00e9s scolaires telles que le sport, le bal de fin d'ann\u00e9e, les voyages scolaires ?<\/span><\/a><span class=\"border-wrap\" style=\"border-color: #49479d;\"><span class=\"border-top\"><\/span><span class=\"border-right\"><\/span><span class=\"border-bottom\"><\/span><span class=\"border-left\"><\/span><\/span><div class=\"column-bg-overlay-wrap column-bg-layer\" data-bg-animation=\"none\"><div class=\"column-bg-overlay\" style=\"opacity: 1; background-color: #ffffff;\"><\/div><\/div>\n\t\t<div class=\"wpb_wrapper\">\n\t\t\t<h6 style=\"color: #49479d;text-align: left\" class=\"vc_custom_heading vc_do_custom_heading vc_custom_1759426681093\" >Qu'en est-il de l'inclusion des \u00e9l\u00e8ves homosexuels dans les activit\u00e9s scolaires telles que le sport, le bal de fin d'ann\u00e9e, les voyages scolaires ?<\/h6>\n\t\t<\/div> \n\t<\/div>\n\t<\/div> \n<\/div><\/div>\n\t\t\t<\/div> \n\t\t<\/div>\n\t<\/div> \n<\/div><\/div>\n<style type=\"text\/css\" data-type=\"vc_shortcodes-default-css\">.vc_do_custom_heading{margin-bottom:0.625rem;margin-top:0;}<\/style><style type=\"text\/css\" data-type=\"vc_shortcodes-custom-css\">.vc_custom_1757955308715{margin-bottom: -5px !important;}.vc_custom_1757955349314{margin-bottom: -5px !important;}.vc_custom_1757955369457{margin-bottom: -5px !important;}.vc_custom_1759426490739{margin-bottom: -5px !important;}.vc_custom_1757955792775{margin-bottom: -5px !important;}.vc_custom_1759426681093{margin-bottom: -5px !important;}<\/style>\n\t\t\t<\/div> \n\t\t<\/div>\n\t<\/div> \n<\/div><\/div>","protected":false},"excerpt":{"rendered":"The Right to Equality: Freedom from Discrimination Home Can Schools Limit Queer Students\u2019 Participation in School Activities like Sports, Prom, or School Trips? Queer students have the right to be...","protected":false},"author":3454,"featured_media":0,"parent":492,"menu_order":0,"comment_status":"closed","ping_status":"closed","template":"","meta":{"footnotes":""},"wf_page_folders":[25],"class_list":["post-498","page","type-page","status-publish"],"yoast_head":"<!-- This site is optimized with the Yoast SEO plugin v26.1.1 - https:\/\/yoast.com\/wordpress\/plugins\/seo\/ -->\n<title>Can schools limit queer students\u2019 participation in school activities like sports, prom, or school trips? - Know Your Rights<\/title>\n<meta name=\"robots\" content=\"index, follow, max-snippet:-1, max-image-preview:large, max-video-preview:-1\" \/>\n<link rel=\"canonical\" href=\"https:\/\/queerstudentrights.ca\/fr\/your-rights\/the-right-to-equality-freedom-from-discrimination\/fostering-inclusive-schools\/can-schools-limit-queer-students-participation-in-school-activities-like-sports-prom-or-school-trips\/\" \/>\n<meta property=\"og:locale\" content=\"fr_CA\" \/>\n<meta property=\"og:type\" content=\"article\" \/>\n<meta property=\"og:title\" content=\"Can schools limit queer students\u2019 participation in school activities like sports, prom, or school trips? - Know Your Rights\" \/>\n<meta property=\"og:url\" content=\"https:\/\/queerstudentrights.ca\/fr\/your-rights\/the-right-to-equality-freedom-from-discrimination\/fostering-inclusive-schools\/can-schools-limit-queer-students-participation-in-school-activities-like-sports-prom-or-school-trips\/\" \/>\n<meta property=\"og:site_name\" content=\"Know Your Rights\" \/>\n<meta property=\"article:modified_time\" content=\"2025-10-02T17:48:04+00:00\" \/>\n<meta name=\"twitter:card\" content=\"summary_large_image\" \/>\n<meta name=\"twitter:label1\" content=\"Estimation du temps de lecture\" \/>\n\t<meta name=\"twitter:data1\" content=\"3 minutes\" \/>\n<script type=\"application\/ld+json\" class=\"yoast-schema-graph\">{\"@context\":\"https:\/\/schema.org\",\"@graph\":[{\"@type\":\"WebPage\",\"@id\":\"https:\/\/queerstudentrights.ca\/your-rights\/the-right-to-equality-freedom-from-discrimination\/fostering-inclusive-schools\/can-schools-limit-queer-students-participation-in-school-activities-like-sports-prom-or-school-trips\/\",\"url\":\"https:\/\/queerstudentrights.ca\/your-rights\/the-right-to-equality-freedom-from-discrimination\/fostering-inclusive-schools\/can-schools-limit-queer-students-participation-in-school-activities-like-sports-prom-or-school-trips\/\",\"name\":\"Can schools limit queer students\u2019 participation in school activities like sports, prom, or school trips? - Know Your Rights\",\"isPartOf\":{\"@id\":\"https:\/\/queerstudentrights.ca\/#website\"},\"datePublished\":\"2025-09-15T16:04:21+00:00\",\"dateModified\":\"2025-10-02T17:48:04+00:00\",\"breadcrumb\":{\"@id\":\"https:\/\/queerstudentrights.ca\/your-rights\/the-right-to-equality-freedom-from-discrimination\/fostering-inclusive-schools\/can-schools-limit-queer-students-participation-in-school-activities-like-sports-prom-or-school-trips\/#breadcrumb\"},\"inLanguage\":\"fr-CA\",\"potentialAction\":[{\"@type\":\"ReadAction\",\"target\":[\"https:\/\/queerstudentrights.ca\/your-rights\/the-right-to-equality-freedom-from-discrimination\/fostering-inclusive-schools\/can-schools-limit-queer-students-participation-in-school-activities-like-sports-prom-or-school-trips\/\"]}]},{\"@type\":\"BreadcrumbList\",\"@id\":\"https:\/\/queerstudentrights.ca\/your-rights\/the-right-to-equality-freedom-from-discrimination\/fostering-inclusive-schools\/can-schools-limit-queer-students-participation-in-school-activities-like-sports-prom-or-school-trips\/#breadcrumb\",\"itemListElement\":[{\"@type\":\"ListItem\",\"position\":1,\"name\":\"Home\",\"item\":\"https:\/\/queerstudentrights.ca\/\"},{\"@type\":\"ListItem\",\"position\":2,\"name\":\"Student Rights\",\"item\":\"https:\/\/queerstudentrights.ca\/your-rights\/\"},{\"@type\":\"ListItem\",\"position\":3,\"name\":\"The Right to Equality: Freedom from Discrimination\",\"item\":\"https:\/\/queerstudentrights.ca\/your-rights\/the-right-to-equality-freedom-from-discrimination\/\"},{\"@type\":\"ListItem\",\"position\":4,\"name\":\"Fostering Inclusive Schools\",\"item\":\"https:\/\/queerstudentrights.ca\/your-rights\/the-right-to-equality-freedom-from-discrimination\/fostering-inclusive-schools\/\"},{\"@type\":\"ListItem\",\"position\":5,\"name\":\"Can schools limit queer students\u2019 participation in school activities like sports, prom, or school trips?\"}]},{\"@type\":\"WebSite\",\"@id\":\"https:\/\/queerstudentrights.ca\/#website\",\"url\":\"https:\/\/queerstudentrights.ca\/\",\"name\":\"Know Your Rights: A Guide for Queer Students\",\"description\":\"A Guide for Queer Students in Schools\",\"publisher\":{\"@id\":\"https:\/\/queerstudentrights.ca\/#organization\"},\"potentialAction\":[{\"@type\":\"SearchAction\",\"target\":{\"@type\":\"EntryPoint\",\"urlTemplate\":\"https:\/\/queerstudentrights.ca\/?s={search_term_string}\"},\"query-input\":{\"@type\":\"PropertyValueSpecification\",\"valueRequired\":true,\"valueName\":\"search_term_string\"}}],\"inLanguage\":\"fr-CA\"},{\"@type\":\"Organization\",\"@id\":\"https:\/\/queerstudentrights.ca\/#organization\",\"name\":\"Canadian Civil Liberties Association\",\"url\":\"https:\/\/queerstudentrights.ca\/\",\"logo\":{\"@type\":\"ImageObject\",\"inLanguage\":\"fr-CA\",\"@id\":\"https:\/\/queerstudentrights.ca\/#\/schema\/logo\/image\/\",\"url\":\"https:\/\/queerstudentrights.ca\/wp-content\/uploads\/2025\/09\/cropped-CCLA-gravatar.png\",\"contentUrl\":\"https:\/\/queerstudentrights.ca\/wp-content\/uploads\/2025\/09\/cropped-CCLA-gravatar.png\",\"width\":512,\"height\":512,\"caption\":\"Canadian Civil Liberties Association\"},\"image\":{\"@id\":\"https:\/\/queerstudentrights.ca\/#\/schema\/logo\/image\/\"}}]}<\/script>\n<!-- \/ Yoast SEO plugin. -->","yoast_head_json":{"title":"Can schools limit queer students\u2019 participation in school activities like sports, prom, or school trips? - Know Your Rights","robots":{"index":"index","follow":"follow","max-snippet":"max-snippet:-1","max-image-preview":"max-image-preview:large","max-video-preview":"max-video-preview:-1"},"canonical":"https:\/\/queerstudentrights.ca\/fr\/your-rights\/the-right-to-equality-freedom-from-discrimination\/fostering-inclusive-schools\/can-schools-limit-queer-students-participation-in-school-activities-like-sports-prom-or-school-trips\/","og_locale":"fr_CA","og_type":"article","og_title":"Can schools limit queer students\u2019 participation in school activities like sports, prom, or school trips? - Know Your Rights","og_url":"https:\/\/queerstudentrights.ca\/fr\/your-rights\/the-right-to-equality-freedom-from-discrimination\/fostering-inclusive-schools\/can-schools-limit-queer-students-participation-in-school-activities-like-sports-prom-or-school-trips\/","og_site_name":"Know Your Rights","article_modified_time":"2025-10-02T17:48:04+00:00","twitter_card":"summary_large_image","twitter_misc":{"Estimation du temps de lecture":"3 minutes"},"schema":{"@context":"https:\/\/schema.org","@graph":[{"@type":"WebPage","@id":"https:\/\/queerstudentrights.ca\/your-rights\/the-right-to-equality-freedom-from-discrimination\/fostering-inclusive-schools\/can-schools-limit-queer-students-participation-in-school-activities-like-sports-prom-or-school-trips\/","url":"https:\/\/queerstudentrights.ca\/your-rights\/the-right-to-equality-freedom-from-discrimination\/fostering-inclusive-schools\/can-schools-limit-queer-students-participation-in-school-activities-like-sports-prom-or-school-trips\/","name":"Can schools limit queer students\u2019 participation in school activities like sports, prom, or school trips? - Know Your Rights","isPartOf":{"@id":"https:\/\/queerstudentrights.ca\/#website"},"datePublished":"2025-09-15T16:04:21+00:00","dateModified":"2025-10-02T17:48:04+00:00","breadcrumb":{"@id":"https:\/\/queerstudentrights.ca\/your-rights\/the-right-to-equality-freedom-from-discrimination\/fostering-inclusive-schools\/can-schools-limit-queer-students-participation-in-school-activities-like-sports-prom-or-school-trips\/#breadcrumb"},"inLanguage":"fr-CA","potentialAction":[{"@type":"ReadAction","target":["https:\/\/queerstudentrights.ca\/your-rights\/the-right-to-equality-freedom-from-discrimination\/fostering-inclusive-schools\/can-schools-limit-queer-students-participation-in-school-activities-like-sports-prom-or-school-trips\/"]}]},{"@type":"BreadcrumbList","@id":"https:\/\/queerstudentrights.ca\/your-rights\/the-right-to-equality-freedom-from-discrimination\/fostering-inclusive-schools\/can-schools-limit-queer-students-participation-in-school-activities-like-sports-prom-or-school-trips\/#breadcrumb","itemListElement":[{"@type":"ListItem","position":1,"name":"Home","item":"https:\/\/queerstudentrights.ca\/"},{"@type":"ListItem","position":2,"name":"Student Rights","item":"https:\/\/queerstudentrights.ca\/your-rights\/"},{"@type":"ListItem","position":3,"name":"The Right to Equality: Freedom from Discrimination","item":"https:\/\/queerstudentrights.ca\/your-rights\/the-right-to-equality-freedom-from-discrimination\/"},{"@type":"ListItem","position":4,"name":"Fostering Inclusive Schools","item":"https:\/\/queerstudentrights.ca\/your-rights\/the-right-to-equality-freedom-from-discrimination\/fostering-inclusive-schools\/"},{"@type":"ListItem","position":5,"name":"Can schools limit queer students\u2019 participation in school activities like sports, prom, or school trips?"}]},{"@type":"WebSite","@id":"https:\/\/queerstudentrights.ca\/#website","url":"https:\/\/queerstudentrights.ca\/","name":"Connaissez vos droits : Un guide pour les \u00e9tudiants homosexuels","description":"Guide \u00e0 l'intention des \u00e9l\u00e8ves homosexuels dans les \u00e9coles","publisher":{"@id":"https:\/\/queerstudentrights.ca\/#organization"},"potentialAction":[{"@type":"SearchAction","target":{"@type":"EntryPoint","urlTemplate":"https:\/\/queerstudentrights.ca\/?s={search_term_string}"},"query-input":{"@type":"PropertyValueSpecification","valueRequired":true,"valueName":"search_term_string"}}],"inLanguage":"fr-CA"},{"@type":"Organization","@id":"https:\/\/queerstudentrights.ca\/#organization","name":"Association canadienne des libert\u00e9s civiles","url":"https:\/\/queerstudentrights.ca\/","logo":{"@type":"ImageObject","inLanguage":"fr-CA","@id":"https:\/\/queerstudentrights.ca\/#\/schema\/logo\/image\/","url":"https:\/\/queerstudentrights.ca\/wp-content\/uploads\/2025\/09\/cropped-CCLA-gravatar.png","contentUrl":"https:\/\/queerstudentrights.ca\/wp-content\/uploads\/2025\/09\/cropped-CCLA-gravatar.png","width":512,"height":512,"caption":"Canadian Civil Liberties Association"},"image":{"@id":"https:\/\/queerstudentrights.ca\/#\/schema\/logo\/image\/"}}]}},"_links":{"self":[{"href":"https:\/\/queerstudentrights.ca\/fr\/wp-json\/wp\/v2\/pages\/498","targetHints":{"allow":["GET"]}}],"collection":[{"href":"https:\/\/queerstudentrights.ca\/fr\/wp-json\/wp\/v2\/pages"}],"about":[{"href":"https:\/\/queerstudentrights.ca\/fr\/wp-json\/wp\/v2\/types\/page"}],"author":[{"embeddable":true,"href":"https:\/\/queerstudentrights.ca\/fr\/wp-json\/wp\/v2\/users\/3454"}],"replies":[{"embeddable":true,"href":"https:\/\/queerstudentrights.ca\/fr\/wp-json\/wp\/v2\/comments?post=498"}],"version-history":[{"count":9,"href":"https:\/\/queerstudentrights.ca\/fr\/wp-json\/wp\/v2\/pages\/498\/revisions"}],"predecessor-version":[{"id":1169,"href":"https:\/\/queerstudentrights.ca\/fr\/wp-json\/wp\/v2\/pages\/498\/revisions\/1169"}],"up":[{"embeddable":true,"href":"https:\/\/queerstudentrights.ca\/fr\/wp-json\/wp\/v2\/pages\/492"}],"wp:attachment":[{"href":"https:\/\/queerstudentrights.ca\/fr\/wp-json\/wp\/v2\/media?parent=498"}],"wp:term":[{"taxonomy":"wf_page_folders","embeddable":true,"href":"https:\/\/queerstudentrights.ca\/fr\/wp-json\/wp\/v2\/wf_page_folders?post=498"}],"curies":[{"name":"wp","href":"https:\/\/api.w.org\/{rel}","templated":true}]}}