{"id":494,"date":"2025-09-15T11:58:08","date_gmt":"2025-09-15T15:58:08","guid":{"rendered":"https:\/\/queerstudentrights.ca\/?page_id=494"},"modified":"2025-10-02T14:36:38","modified_gmt":"2025-10-02T18:36:38","slug":"is-my-school-required-to-provide-inclusive-school-curriculum","status":"publish","type":"page","link":"https:\/\/queerstudentrights.ca\/fr\/your-rights\/the-right-to-equality-freedom-from-discrimination\/fostering-inclusive-schools\/is-my-school-required-to-provide-inclusive-school-curriculum\/","title":{"rendered":"Mon \u00e9cole est-elle tenue de proposer un programme scolaire inclusif ?"},"content":{"rendered":"<div id=\"fws_69ea456aa0c37\"  data-column-margin=\"default\" data-midnight=\"dark\"  class=\"wpb_row vc_row-fluid vc_row\"  style=\"padding-top: 0px; padding-bottom: 0px; \"><div class=\"row-bg-wrap\" data-bg-animation=\"none\" data-bg-animation-delay=\"\" data-bg-overlay=\"false\"><div class=\"inner-wrap row-bg-layer\" ><div class=\"row-bg viewport-desktop\"  style=\"\"><\/div><\/div><\/div><div class=\"row_col_wrap_12 col span_12 dark left\">\n\t<div  class=\"vc_col-sm-12 wpb_column column_container vc_column_container col no-extra-padding inherit_tablet inherit_phone\"  data-padding-pos=\"all\" data-has-bg-color=\"false\" data-bg-color=\"\" data-bg-opacity=\"1\" data-animation=\"\" data-delay=\"0\" >\n\t\t<div class=\"vc_column-inner\" >\n\t\t\t<div class=\"wpb_wrapper\">\n\t\t\t\t\n\t\t<div id=\"fws_69ea456aa1a66\"  data-column-margin=\"default\" data-midnight=\"dark\" data-top-percent=\"6%\" data-bottom-percent=\"6%\"  class=\"wpb_row vc_row-fluid vc_row full-width-section\"  style=\"padding-top: calc(100vw * 0.06); padding-bottom: calc(100vw * 0.06); \"><div class=\"row-bg-wrap\" data-bg-animation=\"none\" data-bg-animation-delay=\"\" data-bg-overlay=\"true\"><div class=\"inner-wrap row-bg-layer using-image\" ><div class=\"row-bg viewport-desktop using-image using-bg-color\"  style=\"background-image: url(https:\/\/queerstudentrights.ca\/wp-content\/uploads\/2025\/09\/heather-mount-ooCsfLmCeeE-unsplash.jpg); background-position: center center; background-repeat: no-repeat; background-color: #49479d; \"><\/div><\/div><div class=\"row-bg-overlay row-bg-layer\" style=\"background-color:#49479d;  opacity: 0.8; \"><\/div><\/div><div class=\"nectar-shape-divider-wrap\" style=\" height:80px;\"  data-height=\"80\" data-front=\"true\" data-style=\"mountains\" data-position=\"bottom\" ><svg class=\"nectar-shape-divider\" fill=\"#ffffff\" xmlns=\"http:\/\/www.w3.org\/2000\/svg\" viewbox=\"0 0 1000 300\" preserveaspectratio=\"none\">\n          <path d=\"M 1014 264 v 122 h -808 l -172 -86 s 310.42 -22.84 402 -79 c 106 -65 154 -61 268 -12 c 107 46 195.11 5.94 275 137 z\"><\/path>   <path d=\"M -302 55 s 235.27 208.25 352 159 c 128 -54 233 -98 303 -73 c 92.68 33.1 181.28 115.19 235 108 c 104.9 -14 176.52 -173.06 267 -118 c 85.61 52.09 145 123 145 123 v 74 l -1306 10 z\"><\/path>\n          <path d=\"M -286 255 s 214 -103 338 -129 s 203 29 384 101 c 145.57 57.91 178.7 50.79 272 0 c 79 -43 301 -224 385 -63 c 53 101.63 -62 129 -62 129 l -107 84 l -1212 12 z\"><\/path>\n          <path d=\"M -24 69 s 299.68 301.66 413 245 c 8 -4 233 2 284 42 c 17.47 13.7 172 -132 217 -174 c 54.8 -51.15 128 -90 188 -39 c 76.12 64.7 118 99 118 99 l -12 132 l -1212 12 z\"><\/path>\n          <path d=\"M -12 201 s 70 83 194 57 s 160.29 -36.77 274 6 c 109 41 184.82 24.36 265 -15 c 55 -27 116.5 -57.69 214 4 c 49 31 95 26 95 26 l -6 151 l -1036 10 z\"><\/path> <\/svg><\/div><div class=\"row_col_wrap_12 col span_12 dark left\">\n\t<div  class=\"vc_col-sm-12 wpb_column column_container vc_column_container col no-extra-padding inherit_tablet inherit_phone\"  data-padding-pos=\"all\" data-has-bg-color=\"false\" data-bg-color=\"\" data-bg-opacity=\"1\" data-animation=\"\" data-delay=\"0\" >\n\t\t<div class=\"vc_column-inner\" >\n\t\t\t<div class=\"wpb_wrapper\">\n\t\t\t\t<div class=\"nectar-highlighted-text font_size_11vh\" data-style=\"text_outline\" data-outline-thickness=\"regular\" data-user-color=\"true\" style=\"color: #ffffff;\" data-using-custom-color=\"false\" data-animation-delay=\"false\" data-color=\"\" data-color-gradient=\"\"><h1 style=\"line-height: .9em\"><em>Le droit \u00e0 l'\u00e9galit\u00e9 :<\/em><\/h1>\n<\/div><h2 style=\"font-size: 38px;color: #ffffff;line-height: 1;text-align: left\" class=\"vc_custom_heading vc_do_custom_heading\" >Absence de discrimination<\/h2>\n\t\t\t<\/div> \n\t\t<\/div>\n\t<\/div> \n<\/div><\/div>\n\t\t<div id=\"fws_69ea456aa2807\"  data-column-margin=\"default\" data-midnight=\"dark\"  class=\"wpb_row vc_row-fluid vc_row\"  style=\"padding-top: 0px; padding-bottom: 0px; \"><div class=\"row-bg-wrap\" data-bg-animation=\"none\" data-bg-animation-delay=\"\" data-bg-overlay=\"false\"><div class=\"inner-wrap row-bg-layer\" ><div class=\"row-bg viewport-desktop\"  style=\"\"><\/div><\/div><\/div><div class=\"row_col_wrap_12 col span_12 dark left\">\n\t<div  class=\"vc_col-sm-12 wpb_column column_container vc_column_container col padding-2-percent inherit_tablet inherit_phone\"  data-padding-pos=\"top-bottom\" data-has-bg-color=\"false\" data-bg-color=\"\" data-bg-opacity=\"1\" data-animation=\"\" data-delay=\"0\" >\n\t\t<div class=\"vc_column-inner\" >\n\t\t\t<div class=\"wpb_wrapper\">\n\t\t\t\t\n\t<div class=\"wpb_raw_code wpb_raw_html wpb_content_element\" >\n\t\t<div class=\"wpb_wrapper\">\n\t\t\t<span><span><a href=\"https:\/\/queerstudentrights.ca\/fr\/\">Accueil<\/a><\/span><\/span>\n\t\t<\/div>\n\t<\/div>\n\n\t\t\t<\/div> \n\t\t<\/div>\n\t<\/div> \n<\/div><\/div>\n<style type=\"text\/css\" data-type=\"vc_shortcodes-default-css\">.vc_do_custom_heading{margin-bottom:0.625rem;margin-top:0;}<\/style>\n\t\t\t<\/div> \n\t\t<\/div>\n\t<\/div> \n<\/div><\/div>\n\t\t<div id=\"fws_69ea456aa4d97\"  data-column-margin=\"40px\" data-midnight=\"dark\" data-bottom-percent=\"2%\"  class=\"wpb_row vc_row-fluid vc_row full-width-section  top_padding_phone_4pct bottom_padding_phone_4pct\"  style=\"padding-top: 0px; padding-bottom: calc(100vw * 0.02); \"><div class=\"row-bg-wrap\" data-bg-animation=\"none\" data-bg-animation-delay=\"\" data-bg-overlay=\"false\"><div class=\"inner-wrap row-bg-layer\" ><div class=\"row-bg viewport-desktop\"  style=\"\"><\/div><\/div><\/div><div class=\"row_col_wrap_12 col span_12 dark left\">\n\t<div  class=\"vc_col-sm-8 wpb_column column_container vc_column_container col no-extra-padding inherit_tablet inherit_phone\"  data-padding-pos=\"all\" data-has-bg-color=\"false\" data-bg-color=\"\" data-bg-opacity=\"1\" data-animation=\"\" data-delay=\"0\" >\n\t\t<div class=\"vc_column-inner\" >\n\t\t\t<div class=\"wpb_wrapper\">\n\t\t\t\t<h2 style=\"color: #49479d;text-align: left\" class=\"vc_custom_heading vc_do_custom_heading\" >L'inclusion dans la salle de classe et le programme d'\u00e9tudes<\/h2>\n<div class=\"wpb_text_column wpb_content_element\" >\n\t<div class=\"wpb_wrapper\">\n\t\t<p>Une forme importante d'inclusion \u00e0 l'\u00e9cole consiste \u00e0 faire en sorte que vos exp\u00e9riences soient repr\u00e9sent\u00e9es et refl\u00e9t\u00e9es dans ce qui vous est enseign\u00e9 dans le cadre du programme scolaire, de l'environnement scolaire et au-del\u00e0. Il peut s'agir de ce que l'on vous demande de lire en cours d'anglais, des le\u00e7ons que l'on vous enseigne dans les cours de sant\u00e9 sur les familles, les relations et l'\u00e9ducation sexuelle, ainsi que des conf\u00e9renciers, des \u00e9v\u00e9nements et des clubs d'\u00e9tudiants auxquels vous \u00eates expos\u00e9s dans votre \u00e9cole. Il peut \u00e9galement s'agir de livres et d'autres ressources disponibles dans la biblioth\u00e8que de votre \u00e9cole.<\/p>\n<p>Le <a href=\"https:\/\/www.tdsb.on.ca\/Portals\/0\/docs\/tdsb%20transgender%20accommodation%20FINAL_1_.pdf\" target=\"_blank\" rel=\"noopener\">Politique du Toronto District School Board<\/a> explique pourquoi il est si important que les \u00e9l\u00e8ves soient inclus de cette mani\u00e8re, en mettant l'accent sur les \u00e9l\u00e8ves transgenres :<\/p>\n\t<\/div>\n<\/div>\n\n\n\n<div class=\"nectar-highlighted-text\" data-style=\"full_text\" data-exp=\"default\" data-user-color=\"true\" style=\"color: #49479d;\" data-using-custom-color=\"false\" data-animation-delay=\"false\" data-color=\"\" data-color-gradient=\"\"><h4>\"Trop souvent, l'existence des personnes transgenres est effac\u00e9e ou n'est \u00e9voqu\u00e9e que de mani\u00e8re tr\u00e8s stigmatis\u00e9e dans les salles de classe, ainsi que dans les m\u00e9dias et la culture populaire. L'absence de reconnaissance positive des probl\u00e8mes ou de l'histoire des transgenres fait qu'il est difficile pour les jeunes transgenres, non conformes au genre ou en questionnement de sentir qu'ils ont leur place dans le monde. Si elle n'est pas corrig\u00e9e, l'omission des personnes transgenres et non conformes au genre dans le programme scolaire cr\u00e9e chez de nombreux \u00e9l\u00e8ves l'id\u00e9e fausse que les personnes transgenres n'existent pas ou qu'elles sont un objet de m\u00e9pris. Par cons\u00e9quent, les conseils scolaires et le personnel des \u00e9coles doivent remettre en question les st\u00e9r\u00e9otypes de genre et int\u00e9grer un contenu transpositif dans l'enseignement de toutes les mati\u00e8res (...)\"<\/h4>\n<\/div>\n<div class=\"wpb_text_column wpb_content_element\" >\n\t<div class=\"wpb_wrapper\">\n\t\t<p>Voici quelques exemples de pratiques inclusives :<\/p>\n<ul>\n<li>Anglais : lecture de livres pr\u00e9sentant des familles, des relations et des identit\u00e9s diverses.<\/li>\n<li>Sciences sociales : apprendre comment les r\u00f4les des hommes et des femmes diff\u00e8rent \u00e0 travers les cultures et l'histoire.<\/li>\n<li>Science : discussion sur des sujets tels que les personnes intersexu\u00e9es.<\/li>\n<li>Langues : explorer le fonctionnement des pronoms et des mots sexu\u00e9s en fran\u00e7ais, en espagnol et dans d'autres langues.<\/li>\n<\/ul>\n<p>Pour des exemples de politiques des conseils scolaires en mati\u00e8re de programmes scolaires inclusifs, voir la section <a href=\"https:\/\/queerstudentrights.ca\/fr\/resources\/\">Ressources<\/a> de ce guide.<\/p>\n\t<\/div>\n<\/div>\n\n\n\n<div id=\"sk-ab\" data-midnight=\"\" data-column-margin=\"default\" class=\"wpb_row vc_row-fluid vc_row inner_row\"  style=\"\"><div class=\"row-bg-wrap\"> <div class=\"row-bg\" ><\/div> <\/div><div class=\"row_col_wrap_12_inner col span_12  left\">\n\t<div style=\"\" class=\"vc_col-sm-12 stats wpb_column column_container vc_column_container col child_column padding-4-percent inherit_tablet inherit_phone\"  data-using-bg=\"true\" data-padding-pos=\"all\" data-has-bg-color=\"true\" data-bg-color=\"#666666\" data-bg-opacity=\"0.2\" data-animation=\"\" data-delay=\"0\" >\n\t\t<div class=\"vc_column-inner\" ><div class=\"column-bg-overlay-wrap column-bg-layer\" data-bg-animation=\"none\"><div class=\"column-bg-overlay\" style=\"opacity: 0.2; background-color: #666666;\"><\/div><\/div>\n\t\t<div class=\"wpb_wrapper\">\n\t\t\t<div class=\"nectar-highlighted-text font_size_3em\" data-style=\"text_outline\" data-outline-thickness=\"thick\" data-user-color=\"true\" style=\"color: #020000;\" data-using-custom-color=\"false\" data-animation-delay=\"false\" data-color=\"\" data-color-gradient=\"\"><h3 class=\"vc_custom_heading vc_do_custom_heading\"><em>Les mouvements contre les droits :<\/em><\/h3>\n<\/div><h4 style=\"color: #020000;text-align: left\" class=\"vc_custom_heading vc_do_custom_heading\" >Limiter l'acc\u00e8s \u00e0 l'\u00e9ducation sexuelle en Saskatchewan et en Alberta<\/h4>\n<div class=\"wpb_text_column wpb_content_element\" >\n\t<div class=\"wpb_wrapper\">\n\t\t<p>En 2023, le gouvernement de la Saskatchewan <a href=\"https:\/\/www.canlii.org\/en\/sk\/laws\/astat\/ss-2023-c-46\/latest\/ss-2023-c-46.html\" target=\"_blank\" rel=\"noopener\">a introduit une loi<\/a> permettant aux parents d'exclure leurs enfants de tout ou partie de l'\u00e9ducation sexuelle enseign\u00e9e dans les \u00e9coles. Cela faisait partie d'un <a href=\"https:\/\/www.saskatchewan.ca\/government\/news-and-media\/2023\/august\/22\/education-minister-announces-new-parental-inclusion-and-consent-policies#:~:text=Only%20teachers,%20not%20outside%20third,or%20the%20Saskatchewan%20Health%20Authority.\" target=\"_blank\" rel=\"noopener\">une s\u00e9rie de changements plus importants<\/a> L'impact sur les droits des \u00e9tudiants 2SLGBTQIA+ et l'ACLC aide actuellement \u00e0 la mise en place d'un programme de formation pour les \u00e9tudiants. <a href=\"https:\/\/egale.ca\/awareness\/ur-pride-government-of-saskatchewan\/\" target=\"_blank\" rel=\"noopener\">organisations queer \u00e0 but non lucratif<\/a> de contester ces lois devant les tribunaux. La province a \u00e9galement interdit \u00e0 toutes les organisations tierces de dispenser des cours d'\u00e9ducation sexuelle dans les \u00e9coles, ce qui, selon l'ACLC, limite la possibilit\u00e9 pour les \u00e9l\u00e8ves de recevoir des informations essentielles.<\/p>\n<p><a href=\"https:\/\/canlii.ca\/t\/2krc8#sec12\" target=\"_blank\" rel=\"noopener\">Nouvelles politiques<\/a> ont \u00e9galement \u00e9t\u00e9 mises en \u0153uvre en Alberta \u00e0 partir de septembre 2025. Ces politiques exigent que tous les documents scolaires relatifs \u00e0 l'orientation sexuelle, \u00e0 l'identit\u00e9 de genre et \u00e0 la sexualit\u00e9 humaine soient approuv\u00e9s au pr\u00e9alable par le minist\u00e8re de l'\u00e9ducation et que les parents acceptent que leur enfant re\u00e7oive une le\u00e7on sur l'orientation sexuelle, l'identit\u00e9 de genre ou la sexualit\u00e9 humaine. L'ACLC consid\u00e8re ces politiques comme un exemple inqui\u00e9tant de censure gouvernementale. L'ACLC craint \u00e9galement que l'obligation de consentement ne prive de nombreux \u00e9l\u00e8ves d'une \u00e9ducation sexuelle essentielle, ce qui nuirait \u00e0 leur sant\u00e9 et \u00e0 leur bien-\u00eatre.<\/p>\n\t<\/div>\n<\/div>\n\n\n\n\n\t\t<\/div> \n\t<\/div>\n\t<\/div> \n<\/div><\/div><h4 style=\"color: #49479d;text-align: left\" class=\"vc_custom_heading vc_do_custom_heading\" >Ce que la Cour supr\u00eame a dit sur les programmes scolaires inclusifs<\/h4>\n<div class=\"wpb_text_column wpb_content_element\" >\n\t<div class=\"wpb_wrapper\">\n\t\t<p>Un <a href=\"https:\/\/www.canlii.org\/en\/ca\/scc\/doc\/2002\/2002scc86\/2002scc86.html?resultId=97df95a1c27d42098f0a906a19e7b65a&amp;searchId=2025-09-08T16:06:41:848\/4ec8f909674540208006c1db697f4240\" target=\"_blank\" rel=\"noopener\">jugement important<\/a> La Cour supr\u00eame du Canada a reconnu qu'il \u00e9tait inacceptable d'exclure le contenu homosexuel du programme scolaire parce que certaines personnes le consid\u00e8rent comme inappropri\u00e9. Dans cette affaire, un enseignant a demand\u00e9 \u00e0 sa commission scolaire d'approuver trois livres \u00e0 enseigner dans le cadre du programme d'\u00e9ducation \u00e0 la vie familiale. Comme ces livres d\u00e9crivaient des familles dont les deux parents \u00e9taient du m\u00eame sexe, le conseil scolaire a refus\u00e9 de les approuver en raison de la d\u00e9sapprobation de certains parents. Lorsque cette d\u00e9cision a \u00e9t\u00e9 contest\u00e9e en justice, le tribunal a conclu qu'elle \u00e9tait d\u00e9raisonnable parce qu'elle violait les principes de tol\u00e9rance et de respect et qu'elle \u00e9tait fond\u00e9e sur l'exclusion. Alors que certaines personnes ont d\u00e9clar\u00e9 qu'il n'\u00e9tait pas appropri\u00e9 d'enseigner aux jeunes enfants les relations et les familles homosexuelles, le pr\u00e9sident de la Cour supr\u00eame a d\u00e9clar\u00e9 que ces livres enseignaient la tol\u00e9rance aux enfants et que \"la tol\u00e9rance est toujours adapt\u00e9e \u00e0 l'\u00e2ge\".<\/p>\n\t<\/div>\n<\/div>\n\n\n\n\n\t\t\t<\/div> \n\t\t<\/div>\n\t<\/div> \n\n\t<div  class=\"vc_col-sm-4 wpb_column column_container vc_column_container col no-extra-padding inherit_tablet inherit_phone\"  data-padding-pos=\"all\" data-has-bg-color=\"false\" data-bg-color=\"\" data-bg-opacity=\"1\" data-animation=\"\" data-delay=\"0\" >\n\t\t<div class=\"vc_column-inner\" >\n\t\t\t<div class=\"wpb_wrapper\">\n\t\t\t\t\n\t\t<div id=\"fws_69ea456aa71a6\"  data-column-margin=\"default\" data-midnight=\"dark\"  class=\"wpb_row vc_row-fluid vc_row\"  style=\"padding-top: 0px; padding-bottom: 0px; \"><div class=\"row-bg-wrap\" data-bg-animation=\"none\" data-bg-animation-delay=\"\" data-bg-overlay=\"false\"><div class=\"inner-wrap row-bg-layer\" ><div class=\"row-bg viewport-desktop\"  style=\"\"><\/div><\/div><\/div><div class=\"row_col_wrap_12 col span_12 dark left\">\n\t<div  class=\"vc_col-sm-12 wpb_column column_container vc_column_container col no-extra-padding inherit_tablet inherit_phone\"  data-padding-pos=\"all\" data-has-bg-color=\"false\" data-bg-color=\"\" data-bg-opacity=\"0.2\" data-animation=\"\" data-delay=\"0\" >\n\t\t<div class=\"vc_column-inner\" >\n\t\t\t<div class=\"wpb_wrapper\">\n\t\t\t\t<div id=\"fws_69ea456aa786f\" data-midnight=\"\" data-column-margin=\"default\" class=\"wpb_row vc_row-fluid vc_row inner_row\"  style=\"\"><div class=\"row-bg-wrap\"> <div class=\"row-bg\" ><\/div> <\/div><div class=\"row_col_wrap_12_inner col span_12  left\">\n\t<div style=\"\" class=\"vc_col-sm-12 wpb_column column_container vc_column_container col child_column padding-3-percent inherit_tablet inherit_phone\"  data-using-bg=\"true\" data-border-animation=\"\" data-border-animation-delay=\"\" data-border-width=\"1px\" data-border-style=\"solid\" data-border-color=\"#49479d\" data-padding-pos=\"all\" data-has-bg-color=\"true\" data-bg-color=\"#ffffff\" data-bg-opacity=\"1\" data-hover-bg=\"#8a8ace\" data-hover-bg-opacity=\"0.3\" data-animation=\"\" data-delay=\"0\" >\n\t\t<div class=\"vc_column-inner\" style=\"border: 1px solid rgba(255,255,255,0); \"><a class=\"column-link\" target=\"_self\" href=\"\/fr\/does-my-school-have-to-take-steps-to-provide-an-inclusive-learning-environment\/\"><span class=\"screen-reader-text\">Mon \u00e9cole doit-elle prendre des mesures pour offrir un environnement d'apprentissage inclusif ?<\/span><\/a><span class=\"border-wrap\" style=\"border-color: #49479d;\"><span class=\"border-top\"><\/span><span class=\"border-right\"><\/span><span class=\"border-bottom\"><\/span><span class=\"border-left\"><\/span><\/span><div class=\"column-bg-overlay-wrap column-bg-layer\" data-bg-animation=\"none\"><div class=\"column-bg-overlay\" style=\"opacity: 1; background-color: #ffffff;\"><\/div><\/div>\n\t\t<div class=\"wpb_wrapper\">\n\t\t\t<h6 style=\"color: #49479d;text-align: left\" class=\"vc_custom_heading vc_do_custom_heading vc_custom_1757955308715\" >Mon \u00e9cole doit-elle prendre des mesures pour offrir un environnement d'apprentissage inclusif ?<\/h6>\n\t\t<\/div> \n\t<\/div>\n\t<\/div> \n<\/div><\/div><div id=\"fws_69ea456aa7fe7\" data-midnight=\"\" data-column-margin=\"default\" class=\"wpb_row vc_row-fluid vc_row inner_row\"  style=\"\"><div class=\"row-bg-wrap\"> <div class=\"row-bg\" ><\/div> <\/div><div class=\"row_col_wrap_12_inner col span_12  left\">\n\t<div style=\"\" class=\"vc_col-sm-12 wpb_column column_container vc_column_container col child_column padding-3-percent inherit_tablet inherit_phone\"  data-using-bg=\"true\" data-border-animation=\"\" data-border-animation-delay=\"\" data-border-width=\"1px\" data-border-style=\"solid\" data-border-color=\"#49479d\" data-padding-pos=\"all\" data-has-bg-color=\"true\" data-bg-color=\"#ffffff\" data-bg-opacity=\"1\" data-hover-bg=\"#8a8ace\" data-hover-bg-opacity=\"0.3\" data-animation=\"\" data-delay=\"0\" >\n\t\t<div class=\"vc_column-inner\" style=\"border: 1px solid rgba(255,255,255,0); \"><a class=\"column-link\" target=\"_self\" href=\"\/fr\/is-my-school-required-to-provide-inclusive-school-curriculum\/\"><span class=\"screen-reader-text\">Mon \u00e9cole est-elle tenue de proposer un programme scolaire inclusif ?<\/span><\/a><span class=\"border-wrap\" style=\"border-color: #49479d;\"><span class=\"border-top\"><\/span><span class=\"border-right\"><\/span><span class=\"border-bottom\"><\/span><span class=\"border-left\"><\/span><\/span><div class=\"column-bg-overlay-wrap column-bg-layer\" data-bg-animation=\"none\"><div class=\"column-bg-overlay\" style=\"opacity: 1; background-color: #ffffff;\"><\/div><\/div>\n\t\t<div class=\"wpb_wrapper\">\n\t\t\t<h6 style=\"color: #49479d;text-align: left\" class=\"vc_custom_heading vc_do_custom_heading vc_custom_1757955349314\" >Mon \u00e9cole est-elle tenue de proposer un programme scolaire inclusif ?<\/h6>\n\t\t<\/div> \n\t<\/div>\n\t<\/div> \n<\/div><\/div><div id=\"fws_69ea456aa870a\" data-midnight=\"\" data-column-margin=\"default\" class=\"wpb_row vc_row-fluid vc_row inner_row\"  style=\"\"><div class=\"row-bg-wrap\"> <div class=\"row-bg\" ><\/div> <\/div><div class=\"row_col_wrap_12_inner col span_12  left\">\n\t<div style=\"\" class=\"vc_col-sm-12 wpb_column column_container vc_column_container col child_column padding-3-percent inherit_tablet inherit_phone\"  data-using-bg=\"true\" data-border-animation=\"\" data-border-animation-delay=\"\" data-border-width=\"1px\" data-border-style=\"solid\" data-border-color=\"#49479d\" data-padding-pos=\"all\" data-has-bg-color=\"true\" data-bg-color=\"#ffffff\" data-bg-opacity=\"1\" data-hover-bg=\"#8a8ace\" data-hover-bg-opacity=\"0.3\" data-animation=\"\" data-delay=\"0\" >\n\t\t<div class=\"vc_column-inner\" style=\"border: 1px solid rgba(255,255,255,0); \"><a class=\"column-link\" target=\"_self\" href=\"\/fr\/can-my-school-limit-the-content-of-learning-materials-in-school-libraries\/\"><span class=\"screen-reader-text\">Mon \u00e9cole peut-elle limiter le contenu du mat\u00e9riel p\u00e9dagogique dans les biblioth\u00e8ques scolaires ?<\/span><\/a><span class=\"border-wrap\" style=\"border-color: #49479d;\"><span class=\"border-top\"><\/span><span class=\"border-right\"><\/span><span class=\"border-bottom\"><\/span><span class=\"border-left\"><\/span><\/span><div class=\"column-bg-overlay-wrap column-bg-layer\" data-bg-animation=\"none\"><div class=\"column-bg-overlay\" style=\"opacity: 1; background-color: #ffffff;\"><\/div><\/div>\n\t\t<div class=\"wpb_wrapper\">\n\t\t\t<h6 style=\"color: #49479d;text-align: left\" class=\"vc_custom_heading vc_do_custom_heading vc_custom_1757955369457\" >Mon \u00e9cole peut-elle limiter le contenu du mat\u00e9riel p\u00e9dagogique dans les biblioth\u00e8ques scolaires ?<\/h6>\n\t\t<\/div> \n\t<\/div>\n\t<\/div> \n<\/div><\/div><div id=\"fws_69ea456aa8e03\" data-midnight=\"\" data-column-margin=\"default\" class=\"wpb_row vc_row-fluid vc_row inner_row\"  style=\"\"><div class=\"row-bg-wrap\"> <div class=\"row-bg\" ><\/div> <\/div><div class=\"row_col_wrap_12_inner col span_12  left\">\n\t<div style=\"\" class=\"vc_col-sm-12 wpb_column column_container vc_column_container col child_column padding-3-percent inherit_tablet inherit_phone\"  data-using-bg=\"true\" data-border-animation=\"\" data-border-animation-delay=\"\" data-border-width=\"1px\" data-border-style=\"solid\" data-border-color=\"#49479d\" data-padding-pos=\"all\" data-has-bg-color=\"true\" data-bg-color=\"#ffffff\" data-bg-opacity=\"1\" data-hover-bg=\"#8a8ace\" data-hover-bg-opacity=\"0.3\" data-animation=\"\" data-delay=\"0\" >\n\t\t<div class=\"vc_column-inner\" style=\"border: 1px solid rgba(255,255,255,0); \"><a class=\"column-link\" target=\"_self\" href=\"\/fr\/can-my-school-refuse-to-allow-student-clubs-for-queer-students\/\"><span class=\"screen-reader-text\">Mon \u00e9cole peut-elle refuser d'autoriser les clubs d'\u00e9tudiants homosexuels (GSA et autres) ?<\/span><\/a><span class=\"border-wrap\" style=\"border-color: #49479d;\"><span class=\"border-top\"><\/span><span class=\"border-right\"><\/span><span class=\"border-bottom\"><\/span><span class=\"border-left\"><\/span><\/span><div class=\"column-bg-overlay-wrap column-bg-layer\" data-bg-animation=\"none\"><div class=\"column-bg-overlay\" style=\"opacity: 1; background-color: #ffffff;\"><\/div><\/div>\n\t\t<div class=\"wpb_wrapper\">\n\t\t\t<h6 style=\"color: #49479d;text-align: left\" class=\"vc_custom_heading vc_do_custom_heading vc_custom_1759426490739\" >Mon \u00e9cole peut-elle refuser d'autoriser un club d'\u00e9tudiants homosexuels (GSA et autres) ?<\/h6>\n\t\t<\/div> \n\t<\/div>\n\t<\/div> \n<\/div><\/div><div id=\"fws_69ea456aa9573\" data-midnight=\"\" data-column-margin=\"default\" class=\"wpb_row vc_row-fluid vc_row inner_row\"  style=\"\"><div class=\"row-bg-wrap\"> <div class=\"row-bg\" ><\/div> <\/div><div class=\"row_col_wrap_12_inner col span_12  left\">\n\t<div style=\"\" class=\"vc_col-sm-12 wpb_column column_container vc_column_container col child_column padding-3-percent inherit_tablet inherit_phone\"  data-using-bg=\"true\" data-border-animation=\"\" data-border-animation-delay=\"\" data-border-width=\"1px\" data-border-style=\"solid\" data-border-color=\"#49479d\" data-padding-pos=\"all\" data-has-bg-color=\"true\" data-bg-color=\"#ffffff\" data-bg-opacity=\"1\" data-hover-bg=\"#8a8ace\" data-hover-bg-opacity=\"0.3\" data-animation=\"\" data-delay=\"0\" >\n\t\t<div class=\"vc_column-inner\" style=\"border: 1px solid rgba(255,255,255,0); \"><a class=\"column-link\" target=\"_self\" href=\"\/fr\/what-about-freedom-of-religion\/\"><span class=\"screen-reader-text\">Qu'en est-il de la libert\u00e9 de religion ?<\/span><\/a><span class=\"border-wrap\" style=\"border-color: #49479d;\"><span class=\"border-top\"><\/span><span class=\"border-right\"><\/span><span class=\"border-bottom\"><\/span><span class=\"border-left\"><\/span><\/span><div class=\"column-bg-overlay-wrap column-bg-layer\" data-bg-animation=\"none\"><div class=\"column-bg-overlay\" style=\"opacity: 1; background-color: #ffffff;\"><\/div><\/div>\n\t\t<div class=\"wpb_wrapper\">\n\t\t\t<h6 style=\"color: #49479d;text-align: left\" class=\"vc_custom_heading vc_do_custom_heading vc_custom_1757955792775\" >Qu'en est-il de la libert\u00e9 de religion ?<\/h6>\n\t\t<\/div> \n\t<\/div>\n\t<\/div> \n<\/div><\/div><div id=\"fws_69ea456aa9c14\" data-midnight=\"\" data-column-margin=\"default\" class=\"wpb_row vc_row-fluid vc_row inner_row\"  style=\"\"><div class=\"row-bg-wrap\"> <div class=\"row-bg\" ><\/div> <\/div><div class=\"row_col_wrap_12_inner col span_12  left\">\n\t<div style=\"\" class=\"vc_col-sm-12 wpb_column column_container vc_column_container col child_column padding-3-percent inherit_tablet inherit_phone\"  data-using-bg=\"true\" data-border-animation=\"\" data-border-animation-delay=\"\" data-border-width=\"1px\" data-border-style=\"solid\" data-border-color=\"#49479d\" data-padding-pos=\"all\" data-has-bg-color=\"true\" data-bg-color=\"#ffffff\" data-bg-opacity=\"1\" data-hover-bg=\"#8a8ace\" data-hover-bg-opacity=\"0.3\" data-animation=\"\" data-delay=\"0\" >\n\t\t<div class=\"vc_column-inner\" style=\"border: 1px solid rgba(255,255,255,0); \"><a class=\"column-link\" target=\"_self\" href=\"\/fr\/can-schools-limit-queer-students-participation-in-school-activities-like-sports-prom-or-school-trips\/\"><span class=\"screen-reader-text\">Qu'en est-il de l'inclusion des \u00e9l\u00e8ves homosexuels dans les activit\u00e9s scolaires telles que le sport, le bal de fin d'ann\u00e9e, les voyages scolaires ?<\/span><\/a><span class=\"border-wrap\" style=\"border-color: #49479d;\"><span class=\"border-top\"><\/span><span class=\"border-right\"><\/span><span class=\"border-bottom\"><\/span><span class=\"border-left\"><\/span><\/span><div class=\"column-bg-overlay-wrap column-bg-layer\" data-bg-animation=\"none\"><div class=\"column-bg-overlay\" style=\"opacity: 1; background-color: #ffffff;\"><\/div><\/div>\n\t\t<div class=\"wpb_wrapper\">\n\t\t\t<h6 style=\"color: #49479d;text-align: left\" class=\"vc_custom_heading vc_do_custom_heading vc_custom_1759426681093\" >Qu'en est-il de l'inclusion des \u00e9l\u00e8ves homosexuels dans les activit\u00e9s scolaires telles que le sport, le bal de fin d'ann\u00e9e, les voyages scolaires ?<\/h6>\n\t\t<\/div> \n\t<\/div>\n\t<\/div> \n<\/div><\/div>\n\t\t\t<\/div> \n\t\t<\/div>\n\t<\/div> \n<\/div><\/div>\n<style type=\"text\/css\" data-type=\"vc_shortcodes-default-css\">.vc_do_custom_heading{margin-bottom:0.625rem;margin-top:0;}<\/style><style type=\"text\/css\" data-type=\"vc_shortcodes-custom-css\">.vc_custom_1757955308715{margin-bottom: -5px !important;}.vc_custom_1757955349314{margin-bottom: -5px !important;}.vc_custom_1757955369457{margin-bottom: -5px !important;}.vc_custom_1759426490739{margin-bottom: -5px !important;}.vc_custom_1757955792775{margin-bottom: -5px !important;}.vc_custom_1759426681093{margin-bottom: -5px !important;}<\/style>\n\t\t\t<\/div> \n\t\t<\/div>\n\t<\/div> \n<\/div><\/div>","protected":false},"excerpt":{"rendered":"The Right to Equality: Freedom from Discrimination Home Inclusion in the Classroom and Curriculum One important form of inclusion in school is having your experiences represented and reflected in what...","protected":false},"author":3454,"featured_media":0,"parent":492,"menu_order":0,"comment_status":"closed","ping_status":"closed","template":"","meta":{"footnotes":""},"wf_page_folders":[25],"class_list":["post-494","page","type-page","status-publish"],"yoast_head":"<!-- This site is optimized with the Yoast SEO plugin v26.1.1 - https:\/\/yoast.com\/wordpress\/plugins\/seo\/ -->\n<title>Is my school required to provide inclusive school curriculum? - Know Your Rights<\/title>\n<meta name=\"robots\" content=\"index, follow, max-snippet:-1, max-image-preview:large, max-video-preview:-1\" \/>\n<link rel=\"canonical\" href=\"https:\/\/queerstudentrights.ca\/fr\/your-rights\/the-right-to-equality-freedom-from-discrimination\/fostering-inclusive-schools\/is-my-school-required-to-provide-inclusive-school-curriculum\/\" \/>\n<meta property=\"og:locale\" content=\"fr_CA\" \/>\n<meta property=\"og:type\" content=\"article\" \/>\n<meta property=\"og:title\" content=\"Is my school required to provide inclusive school curriculum? - Know Your Rights\" \/>\n<meta property=\"og:url\" content=\"https:\/\/queerstudentrights.ca\/fr\/your-rights\/the-right-to-equality-freedom-from-discrimination\/fostering-inclusive-schools\/is-my-school-required-to-provide-inclusive-school-curriculum\/\" \/>\n<meta property=\"og:site_name\" content=\"Know Your Rights\" \/>\n<meta property=\"article:modified_time\" content=\"2025-10-02T18:36:38+00:00\" \/>\n<meta name=\"twitter:card\" content=\"summary_large_image\" \/>\n<meta name=\"twitter:label1\" content=\"Estimation du temps de lecture\" \/>\n\t<meta name=\"twitter:data1\" content=\"3 minutes\" \/>\n<script type=\"application\/ld+json\" class=\"yoast-schema-graph\">{\"@context\":\"https:\/\/schema.org\",\"@graph\":[{\"@type\":\"WebPage\",\"@id\":\"https:\/\/queerstudentrights.ca\/your-rights\/the-right-to-equality-freedom-from-discrimination\/fostering-inclusive-schools\/is-my-school-required-to-provide-inclusive-school-curriculum\/\",\"url\":\"https:\/\/queerstudentrights.ca\/your-rights\/the-right-to-equality-freedom-from-discrimination\/fostering-inclusive-schools\/is-my-school-required-to-provide-inclusive-school-curriculum\/\",\"name\":\"Is my school required to provide inclusive school curriculum? - Know Your Rights\",\"isPartOf\":{\"@id\":\"https:\/\/queerstudentrights.ca\/#website\"},\"datePublished\":\"2025-09-15T15:58:08+00:00\",\"dateModified\":\"2025-10-02T18:36:38+00:00\",\"breadcrumb\":{\"@id\":\"https:\/\/queerstudentrights.ca\/your-rights\/the-right-to-equality-freedom-from-discrimination\/fostering-inclusive-schools\/is-my-school-required-to-provide-inclusive-school-curriculum\/#breadcrumb\"},\"inLanguage\":\"fr-CA\",\"potentialAction\":[{\"@type\":\"ReadAction\",\"target\":[\"https:\/\/queerstudentrights.ca\/your-rights\/the-right-to-equality-freedom-from-discrimination\/fostering-inclusive-schools\/is-my-school-required-to-provide-inclusive-school-curriculum\/\"]}]},{\"@type\":\"BreadcrumbList\",\"@id\":\"https:\/\/queerstudentrights.ca\/your-rights\/the-right-to-equality-freedom-from-discrimination\/fostering-inclusive-schools\/is-my-school-required-to-provide-inclusive-school-curriculum\/#breadcrumb\",\"itemListElement\":[{\"@type\":\"ListItem\",\"position\":1,\"name\":\"Home\",\"item\":\"https:\/\/queerstudentrights.ca\/\"},{\"@type\":\"ListItem\",\"position\":2,\"name\":\"Student Rights\",\"item\":\"https:\/\/queerstudentrights.ca\/your-rights\/\"},{\"@type\":\"ListItem\",\"position\":3,\"name\":\"The Right to Equality: Freedom from Discrimination\",\"item\":\"https:\/\/queerstudentrights.ca\/your-rights\/the-right-to-equality-freedom-from-discrimination\/\"},{\"@type\":\"ListItem\",\"position\":4,\"name\":\"Fostering Inclusive Schools\",\"item\":\"https:\/\/queerstudentrights.ca\/your-rights\/the-right-to-equality-freedom-from-discrimination\/fostering-inclusive-schools\/\"},{\"@type\":\"ListItem\",\"position\":5,\"name\":\"Is my school required to provide inclusive school curriculum?\"}]},{\"@type\":\"WebSite\",\"@id\":\"https:\/\/queerstudentrights.ca\/#website\",\"url\":\"https:\/\/queerstudentrights.ca\/\",\"name\":\"Know Your Rights: A Guide for Queer Students\",\"description\":\"A Guide for Queer Students in Schools\",\"publisher\":{\"@id\":\"https:\/\/queerstudentrights.ca\/#organization\"},\"potentialAction\":[{\"@type\":\"SearchAction\",\"target\":{\"@type\":\"EntryPoint\",\"urlTemplate\":\"https:\/\/queerstudentrights.ca\/?s={search_term_string}\"},\"query-input\":{\"@type\":\"PropertyValueSpecification\",\"valueRequired\":true,\"valueName\":\"search_term_string\"}}],\"inLanguage\":\"fr-CA\"},{\"@type\":\"Organization\",\"@id\":\"https:\/\/queerstudentrights.ca\/#organization\",\"name\":\"Canadian Civil Liberties Association\",\"url\":\"https:\/\/queerstudentrights.ca\/\",\"logo\":{\"@type\":\"ImageObject\",\"inLanguage\":\"fr-CA\",\"@id\":\"https:\/\/queerstudentrights.ca\/#\/schema\/logo\/image\/\",\"url\":\"https:\/\/queerstudentrights.ca\/wp-content\/uploads\/2025\/09\/cropped-CCLA-gravatar.png\",\"contentUrl\":\"https:\/\/queerstudentrights.ca\/wp-content\/uploads\/2025\/09\/cropped-CCLA-gravatar.png\",\"width\":512,\"height\":512,\"caption\":\"Canadian Civil Liberties Association\"},\"image\":{\"@id\":\"https:\/\/queerstudentrights.ca\/#\/schema\/logo\/image\/\"}}]}<\/script>\n<!-- \/ Yoast SEO plugin. -->","yoast_head_json":{"title":"Is my school required to provide inclusive school curriculum? - Know Your Rights","robots":{"index":"index","follow":"follow","max-snippet":"max-snippet:-1","max-image-preview":"max-image-preview:large","max-video-preview":"max-video-preview:-1"},"canonical":"https:\/\/queerstudentrights.ca\/fr\/your-rights\/the-right-to-equality-freedom-from-discrimination\/fostering-inclusive-schools\/is-my-school-required-to-provide-inclusive-school-curriculum\/","og_locale":"fr_CA","og_type":"article","og_title":"Is my school required to provide inclusive school curriculum? - Know Your Rights","og_url":"https:\/\/queerstudentrights.ca\/fr\/your-rights\/the-right-to-equality-freedom-from-discrimination\/fostering-inclusive-schools\/is-my-school-required-to-provide-inclusive-school-curriculum\/","og_site_name":"Know Your Rights","article_modified_time":"2025-10-02T18:36:38+00:00","twitter_card":"summary_large_image","twitter_misc":{"Estimation du temps de lecture":"3 minutes"},"schema":{"@context":"https:\/\/schema.org","@graph":[{"@type":"WebPage","@id":"https:\/\/queerstudentrights.ca\/your-rights\/the-right-to-equality-freedom-from-discrimination\/fostering-inclusive-schools\/is-my-school-required-to-provide-inclusive-school-curriculum\/","url":"https:\/\/queerstudentrights.ca\/your-rights\/the-right-to-equality-freedom-from-discrimination\/fostering-inclusive-schools\/is-my-school-required-to-provide-inclusive-school-curriculum\/","name":"Is my school required to provide inclusive school curriculum? - Know Your Rights","isPartOf":{"@id":"https:\/\/queerstudentrights.ca\/#website"},"datePublished":"2025-09-15T15:58:08+00:00","dateModified":"2025-10-02T18:36:38+00:00","breadcrumb":{"@id":"https:\/\/queerstudentrights.ca\/your-rights\/the-right-to-equality-freedom-from-discrimination\/fostering-inclusive-schools\/is-my-school-required-to-provide-inclusive-school-curriculum\/#breadcrumb"},"inLanguage":"fr-CA","potentialAction":[{"@type":"ReadAction","target":["https:\/\/queerstudentrights.ca\/your-rights\/the-right-to-equality-freedom-from-discrimination\/fostering-inclusive-schools\/is-my-school-required-to-provide-inclusive-school-curriculum\/"]}]},{"@type":"BreadcrumbList","@id":"https:\/\/queerstudentrights.ca\/your-rights\/the-right-to-equality-freedom-from-discrimination\/fostering-inclusive-schools\/is-my-school-required-to-provide-inclusive-school-curriculum\/#breadcrumb","itemListElement":[{"@type":"ListItem","position":1,"name":"Home","item":"https:\/\/queerstudentrights.ca\/"},{"@type":"ListItem","position":2,"name":"Student Rights","item":"https:\/\/queerstudentrights.ca\/your-rights\/"},{"@type":"ListItem","position":3,"name":"The Right to Equality: Freedom from Discrimination","item":"https:\/\/queerstudentrights.ca\/your-rights\/the-right-to-equality-freedom-from-discrimination\/"},{"@type":"ListItem","position":4,"name":"Fostering Inclusive Schools","item":"https:\/\/queerstudentrights.ca\/your-rights\/the-right-to-equality-freedom-from-discrimination\/fostering-inclusive-schools\/"},{"@type":"ListItem","position":5,"name":"Is my school required to provide inclusive school curriculum?"}]},{"@type":"WebSite","@id":"https:\/\/queerstudentrights.ca\/#website","url":"https:\/\/queerstudentrights.ca\/","name":"Connaissez vos droits : Un guide pour les \u00e9tudiants homosexuels","description":"Guide \u00e0 l'intention des \u00e9l\u00e8ves homosexuels dans les \u00e9coles","publisher":{"@id":"https:\/\/queerstudentrights.ca\/#organization"},"potentialAction":[{"@type":"SearchAction","target":{"@type":"EntryPoint","urlTemplate":"https:\/\/queerstudentrights.ca\/?s={search_term_string}"},"query-input":{"@type":"PropertyValueSpecification","valueRequired":true,"valueName":"search_term_string"}}],"inLanguage":"fr-CA"},{"@type":"Organization","@id":"https:\/\/queerstudentrights.ca\/#organization","name":"Association canadienne des libert\u00e9s civiles","url":"https:\/\/queerstudentrights.ca\/","logo":{"@type":"ImageObject","inLanguage":"fr-CA","@id":"https:\/\/queerstudentrights.ca\/#\/schema\/logo\/image\/","url":"https:\/\/queerstudentrights.ca\/wp-content\/uploads\/2025\/09\/cropped-CCLA-gravatar.png","contentUrl":"https:\/\/queerstudentrights.ca\/wp-content\/uploads\/2025\/09\/cropped-CCLA-gravatar.png","width":512,"height":512,"caption":"Canadian Civil Liberties Association"},"image":{"@id":"https:\/\/queerstudentrights.ca\/#\/schema\/logo\/image\/"}}]}},"_links":{"self":[{"href":"https:\/\/queerstudentrights.ca\/fr\/wp-json\/wp\/v2\/pages\/494","targetHints":{"allow":["GET"]}}],"collection":[{"href":"https:\/\/queerstudentrights.ca\/fr\/wp-json\/wp\/v2\/pages"}],"about":[{"href":"https:\/\/queerstudentrights.ca\/fr\/wp-json\/wp\/v2\/types\/page"}],"author":[{"embeddable":true,"href":"https:\/\/queerstudentrights.ca\/fr\/wp-json\/wp\/v2\/users\/3454"}],"replies":[{"embeddable":true,"href":"https:\/\/queerstudentrights.ca\/fr\/wp-json\/wp\/v2\/comments?post=494"}],"version-history":[{"count":14,"href":"https:\/\/queerstudentrights.ca\/fr\/wp-json\/wp\/v2\/pages\/494\/revisions"}],"predecessor-version":[{"id":1183,"href":"https:\/\/queerstudentrights.ca\/fr\/wp-json\/wp\/v2\/pages\/494\/revisions\/1183"}],"up":[{"embeddable":true,"href":"https:\/\/queerstudentrights.ca\/fr\/wp-json\/wp\/v2\/pages\/492"}],"wp:attachment":[{"href":"https:\/\/queerstudentrights.ca\/fr\/wp-json\/wp\/v2\/media?parent=494"}],"wp:term":[{"taxonomy":"wf_page_folders","embeddable":true,"href":"https:\/\/queerstudentrights.ca\/fr\/wp-json\/wp\/v2\/wf_page_folders?post=494"}],"curies":[{"name":"wp","href":"https:\/\/api.w.org\/{rel}","templated":true}]}}